{"id":312,"date":"2024-02-27T16:02:29","date_gmt":"2024-02-27T15:02:29","guid":{"rendered":"https:\/\/terres-d-ailes.fr\/?page_id=312"},"modified":"2024-05-20T16:57:13","modified_gmt":"2024-05-20T14:57:13","slug":"hele-mon-univers-creations-poteries-ceramiques","status":"publish","type":"page","link":"https:\/\/terres-d-ailes.fr\/index.php\/hele-mon-univers-creations-poteries-ceramiques\/","title":{"rendered":"Mon univers"},"content":{"rendered":"\n<h2 class=\"wp-block-heading\">Conjuguer les mots \u00e0 la terre et sentir nos ailes se d\u00e9ployer&#8230;<\/h2>\n\n\n\n<figure class=\"wp-block-image aligncenter\"><img loading=\"lazy\" decoding=\"async\" width=\"1024\" height=\"684\" src=\"http:\/\/terres-d-ailes.fr\/wp-content\/uploads\/2024\/02\/P7-1024x684.jpg\" alt=\"h\u00e9l\u00e9  mod\u00e8le une structure en c\u00e9ramique\" class=\"wp-image-255\" srcset=\"https:\/\/terres-d-ailes.fr\/wp-content\/uploads\/2024\/02\/P7-1024x684.jpg 1024w, https:\/\/terres-d-ailes.fr\/wp-content\/uploads\/2024\/02\/P7-300x200.jpg 300w, https:\/\/terres-d-ailes.fr\/wp-content\/uploads\/2024\/02\/P7-2000x1336.jpg 2000w\" sizes=\"auto, (max-width: 1024px) 100vw, 1024px\" \/><\/figure>\n\n\n\n<p class=\"has-text-color has-link-color has-medium-font-size wp-elements-b98e2d15e353c7b5a3c08e201e81da9e\" style=\"color:#c7d8d3\">Professionnelle de l&rsquo;\u00e9coute depuis 33 ans, j&rsquo;exerce mon m\u00e9tier avec passion et enthousiasme. Conjuguer l&rsquo;\u00e9coute et la terre s&rsquo;est impos\u00e9 \u00e0 moi il y a 20 ans. Ces deux exercices permettent de merveilleuses rencontres et offrent de belles opportunit\u00e9s pour (se) transformer et <a href=\"https:\/\/terres-d-ailes.fr\/index.php\/mes-creations\/\">cr\u00e9er<\/a>.<br> Aujourd&rsquo;hui, d\u00e9cider de partager mon univers de cr\u00e9ation est devenu une \u00e9vidence. Je suis heureuse de vous pr\u00e9senter sur ce site mes cr\u00e9ations et quelques propositions de prestations \u00e0 la demande.<\/p>\n\n\n\n<p><\/p>\n\n\n\n<figure class=\"wp-block-image is-resized\"><img loading=\"lazy\" decoding=\"async\" width=\"677\" height=\"1024\" src=\"http:\/\/terres-d-ailes.fr\/wp-content\/uploads\/2024\/02\/20230614_092141-677x1024.jpg\" alt=\"h\u00e9l\u00e9, au pays d'h\u00e9l\u00e9 les poules enfantent des poissons....\" class=\"wp-image-115\" style=\"width:677px;height:auto\" srcset=\"https:\/\/terres-d-ailes.fr\/wp-content\/uploads\/2024\/02\/20230614_092141-677x1024.jpg 677w, https:\/\/terres-d-ailes.fr\/wp-content\/uploads\/2024\/02\/20230614_092141-198x300.jpg 198w, https:\/\/terres-d-ailes.fr\/wp-content\/uploads\/2024\/02\/20230614_092141.jpg 834w\" sizes=\"auto, (max-width: 677px) 100vw, 677px\" \/><\/figure>\n\n\n\n<h2 class=\"wp-block-heading\"><\/h2>\n\n\n\n<div class=\"wp-block-cover has-custom-content-position is-position-top-left\"><span aria-hidden=\"true\" class=\"wp-block-cover__background has-background-dim\"><\/span><img loading=\"lazy\" decoding=\"async\" width=\"2560\" height=\"2302\" class=\"wp-block-cover__image-background wp-image-171\" alt=\"\" src=\"http:\/\/terres-d-ailes.fr\/wp-content\/uploads\/2024\/02\/20230614_092128-1-1-scaled.jpg\" style=\"object-position:51% 50%\" data-object-fit=\"cover\" data-object-position=\"51% 50%\" srcset=\"https:\/\/terres-d-ailes.fr\/wp-content\/uploads\/2024\/02\/20230614_092128-1-1-scaled.jpg 2560w, https:\/\/terres-d-ailes.fr\/wp-content\/uploads\/2024\/02\/20230614_092128-1-1-300x270.jpg 300w, https:\/\/terres-d-ailes.fr\/wp-content\/uploads\/2024\/02\/20230614_092128-1-1-1024x921.jpg 1024w, https:\/\/terres-d-ailes.fr\/wp-content\/uploads\/2024\/02\/20230614_092128-1-1-2000x1799.jpg 2000w\" sizes=\"auto, (max-width: 2560px) 100vw, 2560px\" \/><div class=\"wp-block-cover__inner-container has-global-padding is-layout-constrained wp-block-cover-is-layout-constrained\">\n<p class=\"has-text-align-center has-large-font-size\">Au pays d&rsquo;H\u00e9l\u00e9<\/p>\n\n\n\n<p class=\"has-white-color has-text-color\">Au pays d\u2019H\u00e9l\u00e9, les poules enfantent des poissons qu\u2019H\u00e9l\u00e9 couve le temps qu\u2019il faut. Puis les poissons s\u2019en vont flotter d\u2019arbre en arbre pour un jour enfin trouver Leur arbre.<\/p>\n\n\n\n<p class=\"has-white-color has-text-color\">H\u00e9l\u00e9 vit parmi les siens. D\u2019ailleurs, les siens, on ne peut pas les d\u00e9crire, les mots sont des merveilles, \u00e0 chacun son tr\u00e9sor pour bien dire ce qu\u2019il est. Tous sont cr\u00e9atures emm\u00eal\u00e9es, d\u2019ici ou bien d\u2019ailleurs, elles&nbsp; conjuguent en leur soi des kilos de p\u00e9pites. Les merveilles se partagent, mais elles se cachent aussi, mais \u00e7a, c\u2019est une autre histoire qui vient d\u2019autres endroits et d\u2019autres envers parfois !<\/p>\n\n\n\n<p class=\"has-white-color has-text-color\">Le temps qu\u2019il faut&nbsp;? C\u2019est le temps de chacun. Il faut bien tendre l\u2019oreille pour sentir l\u2019odeur du temps, il faut bien observer pour percevoir les premi\u00e8res nageoires onduler.<\/p>\n\n\n\n<p class=\"has-white-color has-text-color\">Le temps qu\u2019il faut c\u2019est le temps de chacun, c\u2019est une savante le\u00e7on re\u00e7ue en h\u00e9ritage.<\/p>\n\n\n\n<p class=\"has-white-color has-text-color\">H\u00e9l\u00e9 a grandi ainsi, lov\u00e9e dans le coton, berc\u00e9e par les vagues de la mer.<\/p>\n\n\n\n<p class=\"has-white-color has-text-color\">Les histoires qu\u2019on raconte on finit par y croire&#8230;<\/p>\n\n\n\n<p class=\"has-white-color has-text-color\">H\u00e9l\u00e9 devient l\u2019ail\u00e9e qui se d\u00e9ploie et&nbsp; s\u2019envole.<\/p>\n\n\n\n<p class=\"has-white-color has-text-color\">Lorsque tu la verras, tu la reconnaitras&nbsp;! Enfant de l\u2019eau et de la terre, elle ne conna\u00eet pas les fronti\u00e8res, les \u00e9l\u00e9ments se confondent, telle sa chevelure ondul\u00e9e qui relie terres et m\u00e8res. Elle aime son monde et navigue sans limite d\u2019un univers \u00e0 l\u2019autre, s\u2019enrichit des ombres et des lumi\u00e8res, des nageoires et des plumes. Elle explore des cieux, des profondeurs, c\u00f4toie poules et poissons.<\/p>\n\n\n\n<h4 class=\"wp-block-heading\">Ail\u00e9e s\u2019envole.<\/h4>\n\n\n\n<p class=\"has-white-color has-text-color\">Au pays d\u2019H\u00e9l\u00e9, les \u00ab&nbsp;penses maman&nbsp;\u00bb gu\u00e9rissent de tout.&nbsp; Ailleurs les pansements se fabriquent \u00e0 la cha\u00eene dans des usines \u00e0 tout faire, comme si c\u2019\u00e9tait possible.<\/p>\n\n\n\n<p class=\"has-white-color has-text-color\">H\u00e9l\u00e9 \u00e9tonne, H\u00e9l\u00e9 questionne, et les enfants, et la comprennent et la devinent. Elle est loufoque, un peu bizarre, elle-m\u00eame s\u2019\u00e9tonne parfois de ses propres regards. H\u00e9l\u00e9 est bricoleuse pas trop aventuri\u00e8re, il est m\u00eame des pays qu\u2019elle ne comprend pas trop. Il lui arrive parfois de r\u00eaver aux autres places, \u00e0 ces domaines carr\u00e9s si propices aux rangements, \u00e0 ces maisons aux angles pour tous les emboitements. Elle comprend qu\u2019il le faut, une armoire n\u2019est pas ronde, mais plut\u00f4t bien carr\u00e9e&nbsp;! Qui pourrait croire qu\u2019on peut plier ses ailes dans une boule qui roule ? Les armoires sont carr\u00e9es parce qu\u2019elles prot\u00e8gent leurs habitants de se heurter aux murs, de se cogner tout le temps.<\/p>\n\n\n\n<p class=\"has-white-color has-text-color\">Non vraiment, tout fout le camp&nbsp;! Elle est bien trop zinzin, ses pens\u00e9es la paniquent&nbsp;!<\/p>\n\n\n\n<p class=\"has-white-color has-text-color\">\u00c7a fait de vrais cauchemars ces terres aux carr\u00e9s&nbsp;! C\u2019est fait d\u2019angles \u00e0 rangement, de choses bien ordonn\u00e9es qui abritent et rassurent en tous points et virgules et ordonnent jusqu\u2019aux mots qu\u2019on veut bien partager. Le probl\u00e8me avec les r\u00e8gles c\u2019est qu\u2019on ne les conna\u00eet pas toutes, ou qu\u2019on n&rsquo;est pas bien s\u00fbrs. Il faudrait avancer \u00e0 t\u00e2tons, \u00e0 minuscules pas de fourmis, retenir les secondes, pouvoir s\u2019arr\u00eater, reprendre, tout bien mettre bout \u00e0 bout pour savoir en tout temps partager les bons mots comme les bonnes nourritures. <\/p>\n\n\n\n<p class=\"has-white-color has-text-color\">Mais l\u2019heure n\u2019est pas toujours aux improvisations, il faut savoir et pr\u00e9voir m\u00eame\u2026 Et pourtant \u00e7a arrive les temp\u00eates, les tornades des mots mal ordonn\u00e9s, des mots mal agenc\u00e9s, des accents mal mis, des chapitres non termin\u00e9s. H\u00e9l\u00e9 n\u2019aime pas le d\u00e9sordre et n\u2019aime pas l\u2019ordre non plus, ni les gants chauds en hiver ni tout ce qui pare aux vents. Sous les gouttes d\u2019eau, les gouttes d\u2019air, elle sent l\u2019odeur du pr\u00e9sent, respire intens\u00e9ment, pour prendre part, accueillir.<\/p>\n\n\n\n<h4 class=\"wp-block-heading\">Pour prendre part, un inspir\u2026<\/h4>\n\n\n\n<p class=\"has-white-color has-text-color\">Elle aime les ronds, elle aime les petits points que les poules avec elle picotent tout le temps. Parfois au creux d\u2019elle-m\u00eame, elle d\u00e9place les lignes, surtout celles qu\u2019on dessine \u00e0 si grands coups de r\u00e8gle. Elle les dore, les illumine de creux&nbsp; et de toutes petites bosses, de reliefs \u00e0 tout faire. C\u2019est dans ces moments l\u00e0 qu\u2019H\u00e9l\u00e9 soleil s\u2019\u00e9teint&nbsp; pour pr\u00eater ses \u00e9clats aux \u00e9toiles qu\u2019elle recueille. Les \u00e9toiles sont utiles, elles aident \u00e0 s\u2019\u00e9vader, \u00e0 r\u00eaver, explorer. Ces instants sont magiques, c\u2019est comme une vraie galette beurre sal\u00e9 &#8211; mar\u00e9e basse. Alors poules et poissons s\u2019agitent et profitent des \u00e9clats pour mieux voir et cr\u00e9er \u00e0 leur tour. <\/p>\n\n\n\n<p class=\"has-white-color has-text-color\">Certains gomment les lignes, n\u2019en pr\u00e9servent que des points pour sculpter leur tr\u00e9sor. Les reliefs \u00e0 tout faire sont le tremplin des autres pour sauter, s\u2019envoler, voir de plus haut le monde. Ces instants sont p\u00e9pites, elle regarde et savoure les talents de ses h\u00f4tes transform\u00e9s en h\u00e9ros, bons G\u00e9nies de la terre. L\u2019univers devient courbes, ronds, points, et gouttes d\u2019eau, gouttes d\u2019air loin de ses tristes lignes trac\u00e9es en continu par le crayon tir\u00e9, sans inspir, sans expir, par la mine \u00e9cras\u00e9e, forc\u00e9e, tra\u00een\u00e9e, soumise. A ces lignes, elle pr\u00e9f\u00e8re les emm\u00ealements qu\u2019on se partage ici et qui font que son monde, il sent parfois si bon.<\/p>\n\n\n\n<p class=\"has-white-color has-text-color\">Il arrive qu\u2019on se moque de ses curieux talents, les gens ne sont pas m\u00e9chants, c\u2019 est qu\u2019ils ne savent plus ! Ils oublient, entassent et jettent, pulls \u00e0 trous attrist\u00e9s de ne plus servir \u00e0 rien. Il est pourtant des endroits que d\u2019autres ont pr\u00e9serv\u00e9, l\u00e0 bas on d\u00e9tricote tous les lainages d\u2019hier. Des pulls \u00e0 trous on fait&nbsp; na\u00eetre des kilos de pelotes, des fils d&rsquo;or \u00e0 cr\u00e9er, des laines d&rsquo;or \u00e0 tisser. En ces lieux tous se mettent \u00e0 l\u2019ouvrage pour tricoter, de grandes ailes \u00e0 voler comme des ailes \u00e0 lover, \u00e7a c\u2019est propre \u00e0 chacun ! Et l&rsquo;avantage de l&rsquo;or&nbsp;? Et bien, c&rsquo;est que \u00e7a brille, \u00e7a aide \u00e0 se rep\u00e9rer quand on cherche son chemin, et comme des chemins il y en a plein, alors c&rsquo;est plut\u00f4t bien&nbsp;!<\/p>\n\n\n\n<p class=\"has-white-color has-text-color\">Puis il y a le chagrin qui tout seul ne sert \u00e0 rien. Alors quand il se met \u00e0 pleuvoir, qu&rsquo;il pleut m\u00eame tr\u00e8s tr\u00e8s fort, H\u00e9l\u00e9 sort son bazar, seaux et bols \u00e0 remplir, et recueille l&rsquo;\u00e9lixir pour qu\u2019il serve \u00e0 nourrir. Chez elle, les larmes se recyclent et deviennent en son temps le breuvage de la terre. H\u00e9l\u00e9 se fait jardini\u00e8re, semeuse d\u2019arbres \u00e0 poissons qu\u2019elle couve le temps qu\u2019il faut. Elle&nbsp; pr\u00eate son pinceau pour tracer \u00e0 l&rsquo;or fin les ab\u00eemes d\u2019hier devenus des art\u00e8res, des veines \u00e0 respirer.<\/p>\n\n\n\n<p class=\"has-white-color has-text-color\">Elle pr\u00eate aussi son H \u00e0 ceux qui n&rsquo;en n&rsquo;ont pas et rencontre Hippolyte, Hermine ou bien Hyacinthe, Henri et Hana\u00e9.&nbsp; C\u2019est une lettre tremplin un \u00ab&nbsp;H&nbsp;\u00bb \u00e0 dessiner. On le met comme on veut, comme ceux-ci ou bien comme ceux l\u00e0, ou encore t\u00eate en bas, jouez avec la lettre, voyez o\u00f9 elle vous m\u00e8ne ou soufflez lui le chemin&nbsp;! Tracez tout plein de HHHHHHHHHHHHHHHHHHHHHHHHHHHHHHHHHHHHHH et faites en des \u00e9chelles, des \u00e9chelles \u00e0 monter, des \u00e9chelles \u00e0 descendre. Dessinez des maillons de doux liens \u00e0 nourrir, de doux liens \u00e0 ch\u00e9rir. Habile et comp\u00e9tent, vous saurez comment faire, les ajouter comme les \u00f4ter aux chaines qui enferment. Dociles et \u00e9duqu\u00e9s, ils dessinent avec nous les trac\u00e9s singuliers des chemins de nos vies.<\/p>\n\n\n\n<p class=\"has-white-color has-text-color\">Enfin dans son pays, il y a aussi des fous, et \u00e7a c\u2019est rassurant. Des toufous&nbsp; tout en joie, ils se baladent ici et l\u00e0, saisissent toutes m\u00e9lodies pour faire danser, chanter. Ils d\u00e9nichent les attrist\u00e9s, ab\u00eem\u00e9s du pays et leur offrent des grelots. Ils se trompent parfois, oublient et se corrigent. Les toufous tout confiants, g\u00e9n\u00e9reux pers\u00e9v\u00e8rent, ils savent que les erreurs ouvrent de nouvelles voies. Des vraifous, il y en a bien, et \u00e7a c\u2019est bien certain. Leur d\u00e9guisement les voile, &nbsp;poissons masqu\u00e9s ou encore fausses poules, ils se cachent en miroirs. Des diamants, ils promettent qu\u2019ils feront ton Bonheur. Mais au pays d\u2019H\u00e9l\u00e9, <strong>aux diamants on pr\u00e9f\u00e8re leurs \u00e9clats de brillants d\u00e9guis\u00e9s en ros\u00e9e tous les matins d\u2019hiver.<\/strong><\/p>\n\n\n\n<p class=\"has-white-color has-text-color\">On pourrait dire qu\u2019H\u00e9l\u00e9 r\u00eave parfois, ou bien qu&rsquo;elle r\u00eave tout le temps, c&rsquo;est bien comme on veut&#8230;<\/p>\n\n\n\n<p class=\"has-white-color has-text-color\">On pourrait dire qu\u2019elle prie, et c\u2019est peut \u00eatre vrai quand en elle, tout d\u2019un coup,&nbsp; tous les mots se rassemblent pour former des pri\u00e8res:<\/p>\n\n\n\n<p class=\"has-white-color has-text-color\">Regarder les f\u00ealures de la terre, voir en elles le veinage d\u2019une \u00e2me \u00e9puis\u00e9e mise entre parent-aise. Profiter de ces blessures pour faire na\u00eetre avec elle des germes de renouveau.<\/p>\n\n\n\n<p class=\"has-white-color has-text-color\">La couver, la choyer pour qu\u2019elle retrouve au creux d\u2019elle-m\u00eame le souffle des inspirs, tout comme celui des expirs.<\/p>\n\n\n\n<p class=\"has-white-color has-text-color\">La veiller, la remercier de ces voies qu\u2019elle dessine.<\/p>\n\n\n\n<p class=\"has-white-color has-text-color\">En ses veines voir les chemins nouveaux, ensemble les parcourir, ajuster, soutenir,<\/p>\n\n\n\n<p class=\"has-white-color has-text-color\">Devenir le tuteur de la d\u00e9esse m\u00e8re.<\/p>\n\n\n\n<p class=\"has-white-color has-text-color\">Que les poissons pr\u00eatent leurs ou\u00efes, en rythme, qu\u2019ils respirent avec elle.<\/p>\n\n\n\n<p class=\"has-white-color has-text-color\">Que les poules et oiseaux continuent \u00e0 semer toutes graines \u00e0 germer.<\/p>\n\n\n\n<p class=\"has-white-color has-text-color\">Tracer de nos mots ordonn\u00e9s les gouttes nourrici\u00e8res qui font na\u00eetre \u00e0 nouveau.<\/p>\n\n\n\n<p class=\"has-white-color has-text-color\">Ici les mots sont des p\u00e9pites qui n\u2019oublient pas leur origine,<\/p>\n\n\n\n<p class=\"has-white-color has-text-color\">Lorsqu\u2019ils conjuguent leurs talents, c\u2019est pour \u00e9crire des histoires qui&nbsp; \u00e9clairent loin devant.<\/p>\n\n\n\n<p class=\"has-white-color has-text-color\">Ail\u00e9e Soleil<\/p>\n<\/div><\/div>\n","protected":false},"excerpt":{"rendered":"<p>Conjuguer les mots \u00e0 la terre et sentir nos ailes se d\u00e9ployer&#8230; Professionnelle de l&rsquo;\u00e9coute depuis 33 ans, j&rsquo;exerce mon m\u00e9tier avec passion et enthousiasme. Conjuguer l&rsquo;\u00e9coute et la terre s&rsquo;est impos\u00e9 \u00e0 moi il y a 20 ans. Ces deux exercices permettent de merveilleuses rencontres et offrent de belles opportunit\u00e9s pour (se) transformer et &hellip; <\/p>\n<p class=\"link-more\"><a href=\"https:\/\/terres-d-ailes.fr\/index.php\/hele-mon-univers-creations-poteries-ceramiques\/\" class=\"more-link\">Lire la suite de<span class=\"screen-reader-text\">\u00ab\u00a0Mon univers\u00a0\u00bb<\/span><\/a><\/p>\n","protected":false},"author":1,"featured_media":173,"parent":0,"menu_order":0,"comment_status":"closed","ping_status":"closed","template":"","meta":{"footnotes":""},"class_list":["post-312","page","type-page","status-publish","has-post-thumbnail","hentry"],"yoast_head":"<!-- This site is optimized with the Yoast SEO plugin v22.7 - https:\/\/yoast.com\/wordpress\/plugins\/seo\/ -->\n<title>h\u00e9l\u00e9 Mon univers - Terres d&#039;Ailes<\/title>\n<meta name=\"description\" content=\"H\u00e9l\u00e9 cr\u00e9ations poteries c\u00e9ramiques d&#039;offrir un objet utile, un cadeau personnalis\u00e9, compl\u00e9ter une collection par une cr\u00e9ation unique\" \/>\n<meta name=\"robots\" content=\"index, follow, max-snippet:-1, max-image-preview:large, max-video-preview:-1\" \/>\n<link rel=\"canonical\" href=\"https:\/\/terres-d-ailes.fr\/index.php\/hele-mon-univers-creations-poteries-ceramiques\/\" \/>\n<meta property=\"og:locale\" content=\"fr_FR\" \/>\n<meta property=\"og:type\" content=\"article\" \/>\n<meta property=\"og:title\" content=\"h\u00e9l\u00e9 Mon univers - Terres d&#039;Ailes\" \/>\n<meta property=\"og:description\" content=\"H\u00e9l\u00e9 cr\u00e9ations poteries c\u00e9ramiques d&#039;offrir un objet utile, un cadeau personnalis\u00e9, compl\u00e9ter une collection par une cr\u00e9ation unique\" \/>\n<meta property=\"og:url\" content=\"https:\/\/terres-d-ailes.fr\/index.php\/hele-mon-univers-creations-poteries-ceramiques\/\" \/>\n<meta property=\"og:site_name\" content=\"Terres d&#039;Ailes\" \/>\n<meta property=\"article:modified_time\" content=\"2024-05-20T14:57:13+00:00\" \/>\n<meta property=\"og:image\" content=\"http:\/\/terres-d-ailes.fr\/wp-content\/uploads\/2024\/02\/20230712_101542-2-scaled.jpg\" \/>\n\t<meta property=\"og:image:width\" content=\"2560\" \/>\n\t<meta property=\"og:image:height\" content=\"1920\" \/>\n\t<meta property=\"og:image:type\" content=\"image\/jpeg\" \/>\n<meta name=\"twitter:card\" content=\"summary_large_image\" \/>\n<meta name=\"twitter:label1\" content=\"Dur\u00e9e de lecture estim\u00e9e\" \/>\n\t<meta name=\"twitter:data1\" content=\"9 minutes\" \/>\n<script type=\"application\/ld+json\" class=\"yoast-schema-graph\">{\"@context\":\"https:\/\/schema.org\",\"@graph\":[{\"@type\":\"WebPage\",\"@id\":\"https:\/\/terres-d-ailes.fr\/index.php\/hele-mon-univers-creations-poteries-ceramiques\/\",\"url\":\"https:\/\/terres-d-ailes.fr\/index.php\/hele-mon-univers-creations-poteries-ceramiques\/\",\"name\":\"h\u00e9l\u00e9 Mon univers - Terres d&#039;Ailes\",\"isPartOf\":{\"@id\":\"https:\/\/terres-d-ailes.fr\/#website\"},\"primaryImageOfPage\":{\"@id\":\"https:\/\/terres-d-ailes.fr\/index.php\/hele-mon-univers-creations-poteries-ceramiques\/#primaryimage\"},\"image\":{\"@id\":\"https:\/\/terres-d-ailes.fr\/index.php\/hele-mon-univers-creations-poteries-ceramiques\/#primaryimage\"},\"thumbnailUrl\":\"https:\/\/terres-d-ailes.fr\/wp-content\/uploads\/2024\/02\/20230712_101542-2-scaled.jpg\",\"datePublished\":\"2024-02-27T15:02:29+00:00\",\"dateModified\":\"2024-05-20T14:57:13+00:00\",\"description\":\"H\u00e9l\u00e9 cr\u00e9ations poteries c\u00e9ramiques d'offrir un objet utile, un cadeau personnalis\u00e9, compl\u00e9ter une collection par une cr\u00e9ation unique\",\"breadcrumb\":{\"@id\":\"https:\/\/terres-d-ailes.fr\/index.php\/hele-mon-univers-creations-poteries-ceramiques\/#breadcrumb\"},\"inLanguage\":\"fr-FR\",\"potentialAction\":[{\"@type\":\"ReadAction\",\"target\":[\"https:\/\/terres-d-ailes.fr\/index.php\/hele-mon-univers-creations-poteries-ceramiques\/\"]}]},{\"@type\":\"ImageObject\",\"inLanguage\":\"fr-FR\",\"@id\":\"https:\/\/terres-d-ailes.fr\/index.php\/hele-mon-univers-creations-poteries-ceramiques\/#primaryimage\",\"url\":\"https:\/\/terres-d-ailes.fr\/wp-content\/uploads\/2024\/02\/20230712_101542-2-scaled.jpg\",\"contentUrl\":\"https:\/\/terres-d-ailes.fr\/wp-content\/uploads\/2024\/02\/20230712_101542-2-scaled.jpg\",\"width\":2560,\"height\":1920},{\"@type\":\"BreadcrumbList\",\"@id\":\"https:\/\/terres-d-ailes.fr\/index.php\/hele-mon-univers-creations-poteries-ceramiques\/#breadcrumb\",\"itemListElement\":[{\"@type\":\"ListItem\",\"position\":1,\"name\":\"Accueil\",\"item\":\"https:\/\/terres-d-ailes.fr\/\"},{\"@type\":\"ListItem\",\"position\":2,\"name\":\"Mon univers\"}]},{\"@type\":\"WebSite\",\"@id\":\"https:\/\/terres-d-ailes.fr\/#website\",\"url\":\"https:\/\/terres-d-ailes.fr\/\",\"name\":\"Terres d'Ailes\",\"description\":\"Conjuguer les mots \u00e0 la terre et sentir nos ailes se d\u00e9ployer\",\"potentialAction\":[{\"@type\":\"SearchAction\",\"target\":{\"@type\":\"EntryPoint\",\"urlTemplate\":\"https:\/\/terres-d-ailes.fr\/?s={search_term_string}\"},\"query-input\":\"required name=search_term_string\"}],\"inLanguage\":\"fr-FR\"}]}<\/script>\n<!-- \/ Yoast SEO plugin. -->","yoast_head_json":{"title":"h\u00e9l\u00e9 Mon univers - Terres d&#039;Ailes","description":"H\u00e9l\u00e9 cr\u00e9ations poteries c\u00e9ramiques d'offrir un objet utile, un cadeau personnalis\u00e9, compl\u00e9ter une collection par une cr\u00e9ation unique","robots":{"index":"index","follow":"follow","max-snippet":"max-snippet:-1","max-image-preview":"max-image-preview:large","max-video-preview":"max-video-preview:-1"},"canonical":"https:\/\/terres-d-ailes.fr\/index.php\/hele-mon-univers-creations-poteries-ceramiques\/","og_locale":"fr_FR","og_type":"article","og_title":"h\u00e9l\u00e9 Mon univers - Terres d&#039;Ailes","og_description":"H\u00e9l\u00e9 cr\u00e9ations poteries c\u00e9ramiques d'offrir un objet utile, un cadeau personnalis\u00e9, compl\u00e9ter une collection par une cr\u00e9ation unique","og_url":"https:\/\/terres-d-ailes.fr\/index.php\/hele-mon-univers-creations-poteries-ceramiques\/","og_site_name":"Terres d&#039;Ailes","article_modified_time":"2024-05-20T14:57:13+00:00","og_image":[{"width":2560,"height":1920,"url":"http:\/\/terres-d-ailes.fr\/wp-content\/uploads\/2024\/02\/20230712_101542-2-scaled.jpg","type":"image\/jpeg"}],"twitter_card":"summary_large_image","twitter_misc":{"Dur\u00e9e de lecture estim\u00e9e":"9 minutes"},"schema":{"@context":"https:\/\/schema.org","@graph":[{"@type":"WebPage","@id":"https:\/\/terres-d-ailes.fr\/index.php\/hele-mon-univers-creations-poteries-ceramiques\/","url":"https:\/\/terres-d-ailes.fr\/index.php\/hele-mon-univers-creations-poteries-ceramiques\/","name":"h\u00e9l\u00e9 Mon univers - Terres d&#039;Ailes","isPartOf":{"@id":"https:\/\/terres-d-ailes.fr\/#website"},"primaryImageOfPage":{"@id":"https:\/\/terres-d-ailes.fr\/index.php\/hele-mon-univers-creations-poteries-ceramiques\/#primaryimage"},"image":{"@id":"https:\/\/terres-d-ailes.fr\/index.php\/hele-mon-univers-creations-poteries-ceramiques\/#primaryimage"},"thumbnailUrl":"https:\/\/terres-d-ailes.fr\/wp-content\/uploads\/2024\/02\/20230712_101542-2-scaled.jpg","datePublished":"2024-02-27T15:02:29+00:00","dateModified":"2024-05-20T14:57:13+00:00","description":"H\u00e9l\u00e9 cr\u00e9ations poteries c\u00e9ramiques d'offrir un objet utile, un cadeau personnalis\u00e9, compl\u00e9ter une collection par une cr\u00e9ation unique","breadcrumb":{"@id":"https:\/\/terres-d-ailes.fr\/index.php\/hele-mon-univers-creations-poteries-ceramiques\/#breadcrumb"},"inLanguage":"fr-FR","potentialAction":[{"@type":"ReadAction","target":["https:\/\/terres-d-ailes.fr\/index.php\/hele-mon-univers-creations-poteries-ceramiques\/"]}]},{"@type":"ImageObject","inLanguage":"fr-FR","@id":"https:\/\/terres-d-ailes.fr\/index.php\/hele-mon-univers-creations-poteries-ceramiques\/#primaryimage","url":"https:\/\/terres-d-ailes.fr\/wp-content\/uploads\/2024\/02\/20230712_101542-2-scaled.jpg","contentUrl":"https:\/\/terres-d-ailes.fr\/wp-content\/uploads\/2024\/02\/20230712_101542-2-scaled.jpg","width":2560,"height":1920},{"@type":"BreadcrumbList","@id":"https:\/\/terres-d-ailes.fr\/index.php\/hele-mon-univers-creations-poteries-ceramiques\/#breadcrumb","itemListElement":[{"@type":"ListItem","position":1,"name":"Accueil","item":"https:\/\/terres-d-ailes.fr\/"},{"@type":"ListItem","position":2,"name":"Mon univers"}]},{"@type":"WebSite","@id":"https:\/\/terres-d-ailes.fr\/#website","url":"https:\/\/terres-d-ailes.fr\/","name":"Terres d'Ailes","description":"Conjuguer les mots \u00e0 la terre et sentir nos ailes se d\u00e9ployer","potentialAction":[{"@type":"SearchAction","target":{"@type":"EntryPoint","urlTemplate":"https:\/\/terres-d-ailes.fr\/?s={search_term_string}"},"query-input":"required name=search_term_string"}],"inLanguage":"fr-FR"}]}},"_links":{"self":[{"href":"https:\/\/terres-d-ailes.fr\/index.php\/wp-json\/wp\/v2\/pages\/312","targetHints":{"allow":["GET"]}}],"collection":[{"href":"https:\/\/terres-d-ailes.fr\/index.php\/wp-json\/wp\/v2\/pages"}],"about":[{"href":"https:\/\/terres-d-ailes.fr\/index.php\/wp-json\/wp\/v2\/types\/page"}],"author":[{"embeddable":true,"href":"https:\/\/terres-d-ailes.fr\/index.php\/wp-json\/wp\/v2\/users\/1"}],"replies":[{"embeddable":true,"href":"https:\/\/terres-d-ailes.fr\/index.php\/wp-json\/wp\/v2\/comments?post=312"}],"version-history":[{"count":9,"href":"https:\/\/terres-d-ailes.fr\/index.php\/wp-json\/wp\/v2\/pages\/312\/revisions"}],"predecessor-version":[{"id":429,"href":"https:\/\/terres-d-ailes.fr\/index.php\/wp-json\/wp\/v2\/pages\/312\/revisions\/429"}],"wp:featuredmedia":[{"embeddable":true,"href":"https:\/\/terres-d-ailes.fr\/index.php\/wp-json\/wp\/v2\/media\/173"}],"wp:attachment":[{"href":"https:\/\/terres-d-ailes.fr\/index.php\/wp-json\/wp\/v2\/media?parent=312"}],"curies":[{"name":"wp","href":"https:\/\/api.w.org\/{rel}","templated":true}]}}