{"id":310,"date":"2024-02-23T16:43:04","date_gmt":"2024-02-23T15:43:04","guid":{"rendered":"https:\/\/terres-d-ailes.fr\/?page_id=310"},"modified":"2024-05-20T19:29:53","modified_gmt":"2024-05-20T17:29:53","slug":"creations-mes-unispheres","status":"publish","type":"page","link":"https:\/\/terres-d-ailes.fr\/index.php\/creations-mes-unispheres\/","title":{"rendered":"Mes Unisph\u00e8res"},"content":{"rendered":"\n<p class=\"has-lightgrey-color has-text-color has-link-color wp-elements-0a39361d1333c0146a9d332d08405723\">Cr\u00e9ations  \u00e9galement effectu\u00e9es <a href=\"https:\/\/terres-d-ailes.fr\/index.php\/contactez-moi-terres-dailes-fr-un-univers-de-terre-et-de-mots\/\">sur demande<\/a><\/p>\n\n\n\n<h2 class=\"wp-block-heading has-text-align-right\">Cr\u00e9ations&#8230; Premi\u00e8re Aile<\/h2>\n\n\n\n<figure class=\"wp-block-gallery has-nested-images columns-2 is-cropped wp-block-gallery-1 is-layout-flex wp-block-gallery-is-layout-flex\">\n<figure class=\"wp-block-image size-large\"><img loading=\"lazy\" decoding=\"async\" width=\"1024\" height=\"768\" data-id=\"180\" src=\"https:\/\/terres-d-ailes.fr\/wp-content\/uploads\/2024\/02\/20230712_103059-1-1024x768.jpg\" alt=\"Cr\u00e9ations d\u00e9tails sph\u00e8re\" class=\"wp-image-180\" srcset=\"https:\/\/terres-d-ailes.fr\/wp-content\/uploads\/2024\/02\/20230712_103059-1-1024x768.jpg 1024w, https:\/\/terres-d-ailes.fr\/wp-content\/uploads\/2024\/02\/20230712_103059-1-300x225.jpg 300w, https:\/\/terres-d-ailes.fr\/wp-content\/uploads\/2024\/02\/20230712_103059-1-2000x1500.jpg 2000w\" sizes=\"auto, (max-width: 1024px) 100vw, 1024px\" \/><\/figure>\n\n\n\n<figure class=\"wp-block-image size-large\"><img loading=\"lazy\" decoding=\"async\" width=\"768\" height=\"1024\" data-id=\"174\" src=\"https:\/\/terres-d-ailes.fr\/wp-content\/uploads\/2024\/02\/20230712_101903-1-768x1024.jpg\" alt=\"Cr\u00e9ations d\u00e9tails sph\u00e8re\" class=\"wp-image-174\" srcset=\"https:\/\/terres-d-ailes.fr\/wp-content\/uploads\/2024\/02\/20230712_101903-1-768x1024.jpg 768w, https:\/\/terres-d-ailes.fr\/wp-content\/uploads\/2024\/02\/20230712_101903-1-225x300.jpg 225w, https:\/\/terres-d-ailes.fr\/wp-content\/uploads\/2024\/02\/20230712_101903-1-rotated.jpg 1200w\" sizes=\"auto, (max-width: 768px) 100vw, 768px\" \/><\/figure>\n\n\n\n<figure class=\"wp-block-image size-large\"><img loading=\"lazy\" decoding=\"async\" width=\"882\" height=\"1024\" data-id=\"178\" src=\"https:\/\/terres-d-ailes.fr\/wp-content\/uploads\/2024\/02\/20230712_103011-2-882x1024.jpg\" alt=\"Cr\u00e9ations  sph\u00e8re Premi\u00e8re ailes\" class=\"wp-image-178\" srcset=\"https:\/\/terres-d-ailes.fr\/wp-content\/uploads\/2024\/02\/20230712_103011-2-882x1024.jpg 882w, https:\/\/terres-d-ailes.fr\/wp-content\/uploads\/2024\/02\/20230712_103011-2-258x300.jpg 258w, https:\/\/terres-d-ailes.fr\/wp-content\/uploads\/2024\/02\/20230712_103011-2-2000x2322.jpg 2000w\" sizes=\"auto, (max-width: 882px) 100vw, 882px\" \/><\/figure>\n<figcaption class=\"blocks-gallery-caption wp-element-caption\">Sph\u00e8re diam 17 cms 137 \u20ac<\/figcaption><\/figure>\n\n\n\n<h2 class=\"wp-block-heading has-text-align-right\">Cr\u00e9ations&#8230; Ailer la terre<\/h2>\n\n\n\n<figure class=\"wp-block-gallery has-nested-images columns-1 is-cropped wp-block-gallery-2 is-layout-flex wp-block-gallery-is-layout-flex\">\n<figure class=\"wp-block-image size-large\"><img loading=\"lazy\" decoding=\"async\" width=\"768\" height=\"1024\" data-id=\"218\" src=\"https:\/\/terres-d-ailes.fr\/wp-content\/uploads\/2024\/02\/20230712_110626-1-768x1024.jpg\" alt=\"Cr\u00e9ations sph\u00e8re Ailer la Terre\" class=\"wp-image-218\" srcset=\"https:\/\/terres-d-ailes.fr\/wp-content\/uploads\/2024\/02\/20230712_110626-1-768x1024.jpg 768w, https:\/\/terres-d-ailes.fr\/wp-content\/uploads\/2024\/02\/20230712_110626-1-225x300.jpg 225w, https:\/\/terres-d-ailes.fr\/wp-content\/uploads\/2024\/02\/20230712_110626-1-2000x2667.jpg 2000w, https:\/\/terres-d-ailes.fr\/wp-content\/uploads\/2024\/02\/20230712_110626-1-scaled.jpg 1920w\" sizes=\"auto, (max-width: 768px) 100vw, 768px\" \/><figcaption class=\"wp-element-caption\">Sph\u00e8re diam 19 cms 137 \u20ac<\/figcaption><\/figure>\n\n\n\n<figure class=\"wp-block-image size-large\"><img loading=\"lazy\" decoding=\"async\" width=\"768\" height=\"1024\" data-id=\"184\" src=\"https:\/\/terres-d-ailes.fr\/wp-content\/uploads\/2024\/02\/20230712_103705-2-768x1024.jpg\" alt=\"sph\u00e8re Hurlkrania\" class=\"wp-image-184\" srcset=\"https:\/\/terres-d-ailes.fr\/wp-content\/uploads\/2024\/02\/20230712_103705-2-768x1024.jpg 768w, https:\/\/terres-d-ailes.fr\/wp-content\/uploads\/2024\/02\/20230712_103705-2-225x300.jpg 225w, https:\/\/terres-d-ailes.fr\/wp-content\/uploads\/2024\/02\/20230712_103705-2-2000x2667.jpg 2000w, https:\/\/terres-d-ailes.fr\/wp-content\/uploads\/2024\/02\/20230712_103705-2-scaled.jpg 1920w\" sizes=\"auto, (max-width: 768px) 100vw, 768px\" \/><\/figure>\n<\/figure>\n\n\n\n<h2 class=\"wp-block-heading has-text-align-right\">Hurlkrania<\/h2>\n\n\n\n<figure class=\"wp-block-gallery has-nested-images columns-2 is-cropped wp-block-gallery-3 is-layout-flex wp-block-gallery-is-layout-flex\">\n<figure class=\"wp-block-image size-large\"><img loading=\"lazy\" decoding=\"async\" width=\"768\" height=\"1024\" data-id=\"185\" src=\"https:\/\/terres-d-ailes.fr\/wp-content\/uploads\/2024\/02\/20230712_103705-1-1-768x1024.jpg\" alt=\"Cr\u00e9ations d\u00e9tails sph\u00e8re\" class=\"wp-image-185\" srcset=\"https:\/\/terres-d-ailes.fr\/wp-content\/uploads\/2024\/02\/20230712_103705-1-1-768x1024.jpg 768w, https:\/\/terres-d-ailes.fr\/wp-content\/uploads\/2024\/02\/20230712_103705-1-1-225x300.jpg 225w, https:\/\/terres-d-ailes.fr\/wp-content\/uploads\/2024\/02\/20230712_103705-1-1-2000x2667.jpg 2000w, https:\/\/terres-d-ailes.fr\/wp-content\/uploads\/2024\/02\/20230712_103705-1-1-scaled.jpg 1920w\" sizes=\"auto, (max-width: 768px) 100vw, 768px\" \/><\/figure>\n\n\n\n<figure class=\"wp-block-image size-large\"><img loading=\"lazy\" decoding=\"async\" width=\"768\" height=\"1024\" data-id=\"127\" src=\"https:\/\/terres-d-ailes.fr\/wp-content\/uploads\/2024\/02\/20230712_103611-768x1024.jpg\" alt=\"Cr\u00e9ations d\u00e9tails sph\u00e8re \" class=\"wp-image-127\" srcset=\"https:\/\/terres-d-ailes.fr\/wp-content\/uploads\/2024\/02\/20230712_103611-768x1024.jpg 768w, https:\/\/terres-d-ailes.fr\/wp-content\/uploads\/2024\/02\/20230712_103611-225x300.jpg 225w, https:\/\/terres-d-ailes.fr\/wp-content\/uploads\/2024\/02\/20230712_103611-2000x2667.jpg 2000w, https:\/\/terres-d-ailes.fr\/wp-content\/uploads\/2024\/02\/20230712_103611-scaled.jpg 1920w\" sizes=\"auto, (max-width: 768px) 100vw, 768px\" \/><\/figure>\n\n\n\n<figure class=\"wp-block-image size-large\"><img loading=\"lazy\" decoding=\"async\" width=\"768\" height=\"1024\" data-id=\"126\" src=\"https:\/\/terres-d-ailes.fr\/wp-content\/uploads\/2024\/02\/20230712_103512-1-768x1024.jpg\" alt=\"sph\u00e8re Hurlkrania\" class=\"wp-image-126\" srcset=\"https:\/\/terres-d-ailes.fr\/wp-content\/uploads\/2024\/02\/20230712_103512-1-768x1024.jpg 768w, https:\/\/terres-d-ailes.fr\/wp-content\/uploads\/2024\/02\/20230712_103512-1-225x300.jpg 225w, https:\/\/terres-d-ailes.fr\/wp-content\/uploads\/2024\/02\/20230712_103512-1-2000x2667.jpg 2000w, https:\/\/terres-d-ailes.fr\/wp-content\/uploads\/2024\/02\/20230712_103512-1-scaled.jpg 1920w\" sizes=\"auto, (max-width: 768px) 100vw, 768px\" \/><figcaption class=\"wp-element-caption\">Sph\u00e8re diam 18 cms 137 \u20ac<\/figcaption><\/figure>\n<\/figure>\n","protected":false},"excerpt":{"rendered":"<p>Cr\u00e9ations \u00e9galement effectu\u00e9es sur demande Cr\u00e9ations&#8230; Premi\u00e8re Aile Cr\u00e9ations&#8230; Ailer la terre Hurlkrania<\/p>\n","protected":false},"author":1,"featured_media":73,"parent":0,"menu_order":0,"comment_status":"closed","ping_status":"closed","template":"","meta":{"footnotes":""},"class_list":["post-310","page","type-page","status-publish","has-post-thumbnail","hentry"],"yoast_head":"<!-- This site is optimized with the Yoast SEO plugin v22.7 - https:\/\/yoast.com\/wordpress\/plugins\/seo\/ -->\n<title>Cr\u00e9ations Mes Unisph\u00e8res - Terres d&#039;Ailes<\/title>\n<meta name=\"description\" content=\"Cr\u00e9ations mes unispheres modelage de terres en terre . Raku nu \u2026 Premi\u00e8re aile\u2026 Ailer la terre\u2026 Hurlkrania\" \/>\n<meta name=\"robots\" content=\"index, follow, max-snippet:-1, max-image-preview:large, max-video-preview:-1\" \/>\n<link rel=\"canonical\" href=\"https:\/\/terres-d-ailes.fr\/index.php\/creations-mes-unispheres\/\" \/>\n<meta property=\"og:locale\" content=\"fr_FR\" \/>\n<meta property=\"og:type\" content=\"article\" \/>\n<meta property=\"og:title\" content=\"Cr\u00e9ations Mes Unisph\u00e8res - Terres d&#039;Ailes\" \/>\n<meta property=\"og:description\" content=\"Cr\u00e9ations mes unispheres modelage de terres en terre . Raku nu \u2026 Premi\u00e8re aile\u2026 Ailer la terre\u2026 Hurlkrania\" \/>\n<meta property=\"og:url\" content=\"https:\/\/terres-d-ailes.fr\/index.php\/creations-mes-unispheres\/\" \/>\n<meta property=\"og:site_name\" content=\"Terres d&#039;Ailes\" \/>\n<meta property=\"article:modified_time\" content=\"2024-05-20T17:29:53+00:00\" \/>\n<meta property=\"og:image\" content=\"http:\/\/terres-d-ailes.fr\/wp-content\/uploads\/2024\/02\/20230328_142152-scaled.jpg\" \/>\n\t<meta property=\"og:image:width\" content=\"2560\" \/>\n\t<meta property=\"og:image:height\" content=\"1920\" \/>\n\t<meta property=\"og:image:type\" content=\"image\/jpeg\" \/>\n<meta name=\"twitter:card\" content=\"summary_large_image\" \/>\n<meta name=\"twitter:label1\" content=\"Dur\u00e9e de lecture estim\u00e9e\" \/>\n\t<meta name=\"twitter:data1\" content=\"2 minutes\" \/>\n<script type=\"application\/ld+json\" class=\"yoast-schema-graph\">{\"@context\":\"https:\/\/schema.org\",\"@graph\":[{\"@type\":\"WebPage\",\"@id\":\"https:\/\/terres-d-ailes.fr\/index.php\/creations-mes-unispheres\/\",\"url\":\"https:\/\/terres-d-ailes.fr\/index.php\/creations-mes-unispheres\/\",\"name\":\"Cr\u00e9ations Mes Unisph\u00e8res - Terres d&#039;Ailes\",\"isPartOf\":{\"@id\":\"https:\/\/terres-d-ailes.fr\/#website\"},\"primaryImageOfPage\":{\"@id\":\"https:\/\/terres-d-ailes.fr\/index.php\/creations-mes-unispheres\/#primaryimage\"},\"image\":{\"@id\":\"https:\/\/terres-d-ailes.fr\/index.php\/creations-mes-unispheres\/#primaryimage\"},\"thumbnailUrl\":\"https:\/\/terres-d-ailes.fr\/wp-content\/uploads\/2024\/02\/20230328_142152-scaled.jpg\",\"datePublished\":\"2024-02-23T15:43:04+00:00\",\"dateModified\":\"2024-05-20T17:29:53+00:00\",\"description\":\"Cr\u00e9ations mes unispheres modelage de terres en terre . Raku nu \u2026 Premi\u00e8re aile\u2026 Ailer la terre\u2026 Hurlkrania\",\"breadcrumb\":{\"@id\":\"https:\/\/terres-d-ailes.fr\/index.php\/creations-mes-unispheres\/#breadcrumb\"},\"inLanguage\":\"fr-FR\",\"potentialAction\":[{\"@type\":\"ReadAction\",\"target\":[\"https:\/\/terres-d-ailes.fr\/index.php\/creations-mes-unispheres\/\"]}]},{\"@type\":\"ImageObject\",\"inLanguage\":\"fr-FR\",\"@id\":\"https:\/\/terres-d-ailes.fr\/index.php\/creations-mes-unispheres\/#primaryimage\",\"url\":\"https:\/\/terres-d-ailes.fr\/wp-content\/uploads\/2024\/02\/20230328_142152-scaled.jpg\",\"contentUrl\":\"https:\/\/terres-d-ailes.fr\/wp-content\/uploads\/2024\/02\/20230328_142152-scaled.jpg\",\"width\":2560,\"height\":1920},{\"@type\":\"BreadcrumbList\",\"@id\":\"https:\/\/terres-d-ailes.fr\/index.php\/creations-mes-unispheres\/#breadcrumb\",\"itemListElement\":[{\"@type\":\"ListItem\",\"position\":1,\"name\":\"Accueil\",\"item\":\"https:\/\/terres-d-ailes.fr\/\"},{\"@type\":\"ListItem\",\"position\":2,\"name\":\"Mes Unisph\u00e8res\"}]},{\"@type\":\"WebSite\",\"@id\":\"https:\/\/terres-d-ailes.fr\/#website\",\"url\":\"https:\/\/terres-d-ailes.fr\/\",\"name\":\"Terres d'Ailes\",\"description\":\"Conjuguer les mots \u00e0 la terre et sentir nos ailes se d\u00e9ployer\",\"potentialAction\":[{\"@type\":\"SearchAction\",\"target\":{\"@type\":\"EntryPoint\",\"urlTemplate\":\"https:\/\/terres-d-ailes.fr\/?s={search_term_string}\"},\"query-input\":\"required name=search_term_string\"}],\"inLanguage\":\"fr-FR\"}]}<\/script>\n<!-- \/ Yoast SEO plugin. -->","yoast_head_json":{"title":"Cr\u00e9ations Mes Unisph\u00e8res - Terres d&#039;Ailes","description":"Cr\u00e9ations mes unispheres modelage de terres en terre . Raku nu \u2026 Premi\u00e8re aile\u2026 Ailer la terre\u2026 Hurlkrania","robots":{"index":"index","follow":"follow","max-snippet":"max-snippet:-1","max-image-preview":"max-image-preview:large","max-video-preview":"max-video-preview:-1"},"canonical":"https:\/\/terres-d-ailes.fr\/index.php\/creations-mes-unispheres\/","og_locale":"fr_FR","og_type":"article","og_title":"Cr\u00e9ations Mes Unisph\u00e8res - Terres d&#039;Ailes","og_description":"Cr\u00e9ations mes unispheres modelage de terres en terre . Raku nu \u2026 Premi\u00e8re aile\u2026 Ailer la terre\u2026 Hurlkrania","og_url":"https:\/\/terres-d-ailes.fr\/index.php\/creations-mes-unispheres\/","og_site_name":"Terres d&#039;Ailes","article_modified_time":"2024-05-20T17:29:53+00:00","og_image":[{"width":2560,"height":1920,"url":"http:\/\/terres-d-ailes.fr\/wp-content\/uploads\/2024\/02\/20230328_142152-scaled.jpg","type":"image\/jpeg"}],"twitter_card":"summary_large_image","twitter_misc":{"Dur\u00e9e de lecture estim\u00e9e":"2 minutes"},"schema":{"@context":"https:\/\/schema.org","@graph":[{"@type":"WebPage","@id":"https:\/\/terres-d-ailes.fr\/index.php\/creations-mes-unispheres\/","url":"https:\/\/terres-d-ailes.fr\/index.php\/creations-mes-unispheres\/","name":"Cr\u00e9ations Mes Unisph\u00e8res - Terres d&#039;Ailes","isPartOf":{"@id":"https:\/\/terres-d-ailes.fr\/#website"},"primaryImageOfPage":{"@id":"https:\/\/terres-d-ailes.fr\/index.php\/creations-mes-unispheres\/#primaryimage"},"image":{"@id":"https:\/\/terres-d-ailes.fr\/index.php\/creations-mes-unispheres\/#primaryimage"},"thumbnailUrl":"https:\/\/terres-d-ailes.fr\/wp-content\/uploads\/2024\/02\/20230328_142152-scaled.jpg","datePublished":"2024-02-23T15:43:04+00:00","dateModified":"2024-05-20T17:29:53+00:00","description":"Cr\u00e9ations mes unispheres modelage de terres en terre . Raku nu \u2026 Premi\u00e8re aile\u2026 Ailer la terre\u2026 Hurlkrania","breadcrumb":{"@id":"https:\/\/terres-d-ailes.fr\/index.php\/creations-mes-unispheres\/#breadcrumb"},"inLanguage":"fr-FR","potentialAction":[{"@type":"ReadAction","target":["https:\/\/terres-d-ailes.fr\/index.php\/creations-mes-unispheres\/"]}]},{"@type":"ImageObject","inLanguage":"fr-FR","@id":"https:\/\/terres-d-ailes.fr\/index.php\/creations-mes-unispheres\/#primaryimage","url":"https:\/\/terres-d-ailes.fr\/wp-content\/uploads\/2024\/02\/20230328_142152-scaled.jpg","contentUrl":"https:\/\/terres-d-ailes.fr\/wp-content\/uploads\/2024\/02\/20230328_142152-scaled.jpg","width":2560,"height":1920},{"@type":"BreadcrumbList","@id":"https:\/\/terres-d-ailes.fr\/index.php\/creations-mes-unispheres\/#breadcrumb","itemListElement":[{"@type":"ListItem","position":1,"name":"Accueil","item":"https:\/\/terres-d-ailes.fr\/"},{"@type":"ListItem","position":2,"name":"Mes Unisph\u00e8res"}]},{"@type":"WebSite","@id":"https:\/\/terres-d-ailes.fr\/#website","url":"https:\/\/terres-d-ailes.fr\/","name":"Terres d'Ailes","description":"Conjuguer les mots \u00e0 la terre et sentir nos ailes se d\u00e9ployer","potentialAction":[{"@type":"SearchAction","target":{"@type":"EntryPoint","urlTemplate":"https:\/\/terres-d-ailes.fr\/?s={search_term_string}"},"query-input":"required name=search_term_string"}],"inLanguage":"fr-FR"}]}},"_links":{"self":[{"href":"https:\/\/terres-d-ailes.fr\/index.php\/wp-json\/wp\/v2\/pages\/310","targetHints":{"allow":["GET"]}}],"collection":[{"href":"https:\/\/terres-d-ailes.fr\/index.php\/wp-json\/wp\/v2\/pages"}],"about":[{"href":"https:\/\/terres-d-ailes.fr\/index.php\/wp-json\/wp\/v2\/types\/page"}],"author":[{"embeddable":true,"href":"https:\/\/terres-d-ailes.fr\/index.php\/wp-json\/wp\/v2\/users\/1"}],"replies":[{"embeddable":true,"href":"https:\/\/terres-d-ailes.fr\/index.php\/wp-json\/wp\/v2\/comments?post=310"}],"version-history":[{"count":5,"href":"https:\/\/terres-d-ailes.fr\/index.php\/wp-json\/wp\/v2\/pages\/310\/revisions"}],"predecessor-version":[{"id":448,"href":"https:\/\/terres-d-ailes.fr\/index.php\/wp-json\/wp\/v2\/pages\/310\/revisions\/448"}],"wp:featuredmedia":[{"embeddable":true,"href":"https:\/\/terres-d-ailes.fr\/index.php\/wp-json\/wp\/v2\/media\/73"}],"wp:attachment":[{"href":"https:\/\/terres-d-ailes.fr\/index.php\/wp-json\/wp\/v2\/media?parent=310"}],"curies":[{"name":"wp","href":"https:\/\/api.w.org\/{rel}","templated":true}]}}