{"id":303,"date":"2024-02-23T16:19:31","date_gmt":"2024-02-23T15:19:31","guid":{"rendered":"https:\/\/terres-d-ailes.fr\/?page_id=303"},"modified":"2024-05-21T21:00:25","modified_gmt":"2024-05-21T19:00:25","slug":"sculptures-ceramiques-terres-noires","status":"publish","type":"page","link":"https:\/\/terres-d-ailes.fr\/index.php\/sculptures-ceramiques-terres-noires\/","title":{"rendered":"Maternoire"},"content":{"rendered":"\n<p class=\"has-medium-font-size\"><strong>sculptures-c\u00e9ramiques-terres noires<\/strong><\/p>\n\n\n\n<p class=\"has-medium-font-size\">J&rsquo;aime la terre noire. Difficile \u00e0 travailler, elle requiert beaucoup de patience et d&rsquo;attention.  La modeler n\u00e9cessite de guetter le bon moment car, pour qu&rsquo;elle se laisse apprivoiser, elle ne doit pas trop s\u00e9cher au risque de s&rsquo;effriter. Une fois liss\u00e9e, elle atteint une texture cuir lisse \u00e9patante. La gratter, texturer de diverse mani\u00e8res est \u00e9galement int\u00e9ressant. Visitez ici le fruit de ces rencontres avec Maternoire!<\/p>\n\n\n\n<p><\/p>\n\n\n\n<p class=\"has-medium-font-size\"><br><\/p>\n\n\n\n<h2 class=\"wp-block-heading has-text-align-right\">H comme Hippolyte<\/h2>\n\n\n\n<figure class=\"wp-block-gallery has-nested-images columns-2 is-cropped wp-block-gallery-1 is-layout-flex wp-block-gallery-is-layout-flex\">\n<figure class=\"wp-block-image size-large\"><img loading=\"lazy\" decoding=\"async\" width=\"1024\" height=\"768\" data-id=\"92\" src=\"https:\/\/terres-d-ailes.fr\/wp-content\/uploads\/2024\/02\/20230328_151815-1024x768.jpg\" alt=\"sculptures-c\u00e9ramiques-terres noires poissons\" class=\"wp-image-92\" srcset=\"https:\/\/terres-d-ailes.fr\/wp-content\/uploads\/2024\/02\/20230328_151815-1024x768.jpg 1024w, https:\/\/terres-d-ailes.fr\/wp-content\/uploads\/2024\/02\/20230328_151815-300x225.jpg 300w, https:\/\/terres-d-ailes.fr\/wp-content\/uploads\/2024\/02\/20230328_151815-2000x1500.jpg 2000w\" sizes=\"auto, (max-width: 1024px) 100vw, 1024px\" \/><\/figure>\n\n\n\n<figure class=\"wp-block-image size-large\"><img loading=\"lazy\" decoding=\"async\" width=\"1024\" height=\"683\" data-id=\"268\" src=\"https:\/\/terres-d-ailes.fr\/wp-content\/uploads\/2024\/02\/P1190226-edited-1024x683.jpg\" alt=\"d\u00e9taille d'un poisson.\" class=\"wp-image-268\" srcset=\"https:\/\/terres-d-ailes.fr\/wp-content\/uploads\/2024\/02\/P1190226-edited-1024x683.jpg 1024w, https:\/\/terres-d-ailes.fr\/wp-content\/uploads\/2024\/02\/P1190226-edited-300x200.jpg 300w, https:\/\/terres-d-ailes.fr\/wp-content\/uploads\/2024\/02\/P1190226-edited.jpg 1072w\" sizes=\"auto, (max-width: 1024px) 100vw, 1024px\" \/><\/figure>\n\n\n\n<figure class=\"wp-block-image size-large\"><img loading=\"lazy\" decoding=\"async\" width=\"942\" height=\"1024\" data-id=\"208\" src=\"https:\/\/terres-d-ailes.fr\/wp-content\/uploads\/2024\/02\/20230712_105756-2-942x1024.jpg\" alt=\"poisson ,hauteur 26 centim\u00e8tres longueur 28 centim\u00e8tres r\u00e9alis\u00e9 \u00e0 la demande . Prix 127\u20ac\" class=\"wp-image-208\" srcset=\"https:\/\/terres-d-ailes.fr\/wp-content\/uploads\/2024\/02\/20230712_105756-2-942x1024.jpg 942w, https:\/\/terres-d-ailes.fr\/wp-content\/uploads\/2024\/02\/20230712_105756-2-276x300.jpg 276w, https:\/\/terres-d-ailes.fr\/wp-content\/uploads\/2024\/02\/20230712_105756-2-2000x2173.jpg 2000w\" sizes=\"auto, (max-width: 942px) 100vw, 942px\" \/><figcaption class=\"wp-element-caption\">H 26cm L maxi 28 cm <a href=\"https:\/\/terres-d-ailes.fr\/index.php\/contactez-moi-terres-dailes-fr-un-univers-de-terre-et-de-mots\/\">A la demande<\/a> 127\u20ac<\/figcaption><\/figure>\n<\/figure>\n\n\n\n<h2 class=\"wp-block-heading has-text-align-right\">H comme Hortense<\/h2>\n\n\n\n<figure class=\"wp-block-gallery has-nested-images columns-default is-cropped wp-block-gallery-2 is-layout-flex wp-block-gallery-is-layout-flex\">\n<figure class=\"wp-block-image size-large\"><img loading=\"lazy\" decoding=\"async\" width=\"1024\" height=\"768\" data-id=\"79\" src=\"https:\/\/terres-d-ailes.fr\/wp-content\/uploads\/2024\/02\/20230328_143822-1024x768.jpg\" alt=\"sculptures-c\u00e9ramiques-terres noires d\u00e9taille poule\" class=\"wp-image-79\" srcset=\"https:\/\/terres-d-ailes.fr\/wp-content\/uploads\/2024\/02\/20230328_143822-1024x768.jpg 1024w, https:\/\/terres-d-ailes.fr\/wp-content\/uploads\/2024\/02\/20230328_143822-300x225.jpg 300w, https:\/\/terres-d-ailes.fr\/wp-content\/uploads\/2024\/02\/20230328_143822-2000x1500.jpg 2000w\" sizes=\"auto, (max-width: 1024px) 100vw, 1024px\" \/><\/figure>\n\n\n\n<figure class=\"wp-block-image size-large\"><img loading=\"lazy\" decoding=\"async\" width=\"836\" height=\"1024\" data-id=\"251\" src=\"https:\/\/terres-d-ailes.fr\/wp-content\/uploads\/2024\/02\/hono-836x1024.jpg\" alt=\"poule . hauteur 31 centim\u00e8tres longueur 33 centim\u00e8tres. prix 87\u20ac\" class=\"wp-image-251\" srcset=\"https:\/\/terres-d-ailes.fr\/wp-content\/uploads\/2024\/02\/hono-836x1024.jpg 836w, https:\/\/terres-d-ailes.fr\/wp-content\/uploads\/2024\/02\/hono-245x300.jpg 245w, https:\/\/terres-d-ailes.fr\/wp-content\/uploads\/2024\/02\/hono-2000x2449.jpg 2000w\" sizes=\"auto, (max-width: 836px) 100vw, 836px\" \/><figcaption class=\"wp-element-caption\">H 31cm L Maxi 33 cm                                      87 \u20ac <\/figcaption><\/figure>\n\n\n\n<figure class=\"wp-block-image size-large\"><img loading=\"lazy\" decoding=\"async\" width=\"829\" height=\"1024\" data-id=\"175\" src=\"https:\/\/terres-d-ailes.fr\/wp-content\/uploads\/2024\/02\/20230712_102649-1-829x1024.jpg\" alt=\"d\u00e9tail d'une poule\" class=\"wp-image-175\" srcset=\"https:\/\/terres-d-ailes.fr\/wp-content\/uploads\/2024\/02\/20230712_102649-1-829x1024.jpg 829w, https:\/\/terres-d-ailes.fr\/wp-content\/uploads\/2024\/02\/20230712_102649-1-243x300.jpg 243w, https:\/\/terres-d-ailes.fr\/wp-content\/uploads\/2024\/02\/20230712_102649-1-2000x2470.jpg 2000w\" sizes=\"auto, (max-width: 829px) 100vw, 829px\" \/><\/figure>\n\n\n\n<figure class=\"wp-block-image size-large\"><img loading=\"lazy\" decoding=\"async\" width=\"768\" height=\"1024\" data-id=\"62\" src=\"https:\/\/terres-d-ailes.fr\/wp-content\/uploads\/2024\/02\/20230322_164656-768x1024.jpg\" alt=\"poule nomm\u00e9e Little Hortense .\" class=\"wp-image-62\" srcset=\"https:\/\/terres-d-ailes.fr\/wp-content\/uploads\/2024\/02\/20230322_164656-768x1024.jpg 768w, https:\/\/terres-d-ailes.fr\/wp-content\/uploads\/2024\/02\/20230322_164656-225x300.jpg 225w, https:\/\/terres-d-ailes.fr\/wp-content\/uploads\/2024\/02\/20230322_164656-rotated.jpg 1200w\" sizes=\"auto, (max-width: 768px) 100vw, 768px\" \/><\/figure>\n\n\n\n<figure class=\"wp-block-image size-large\"><img loading=\"lazy\" decoding=\"async\" width=\"768\" height=\"1024\" data-id=\"121\" src=\"https:\/\/terres-d-ailes.fr\/wp-content\/uploads\/2024\/02\/20230712_102906-768x1024.jpg\" alt=\"poule nomm\u00e9e Little Hortense . Hauteur 15.5 centim\u00e8tres prix 37\u20ac\n\" class=\"wp-image-121\" srcset=\"https:\/\/terres-d-ailes.fr\/wp-content\/uploads\/2024\/02\/20230712_102906-768x1024.jpg 768w, https:\/\/terres-d-ailes.fr\/wp-content\/uploads\/2024\/02\/20230712_102906-225x300.jpg 225w, https:\/\/terres-d-ailes.fr\/wp-content\/uploads\/2024\/02\/20230712_102906-2000x2667.jpg 2000w, https:\/\/terres-d-ailes.fr\/wp-content\/uploads\/2024\/02\/20230712_102906-scaled.jpg 1920w\" sizes=\"auto, (max-width: 768px) 100vw, 768px\" \/><figcaption class=\"wp-element-caption\">Little Hortense H 15.5 cm                                     37\u20ac<\/figcaption><\/figure>\n\n\n\n<figure class=\"wp-block-image size-large\"><img loading=\"lazy\" decoding=\"async\" width=\"768\" height=\"1024\" data-id=\"120\" src=\"https:\/\/terres-d-ailes.fr\/wp-content\/uploads\/2024\/02\/20230712_102754-768x1024.jpg\" alt=\"sculptures-c\u00e9ramiques-terres noires poule nomm\u00e9e Little Hortense .\" class=\"wp-image-120\" srcset=\"https:\/\/terres-d-ailes.fr\/wp-content\/uploads\/2024\/02\/20230712_102754-768x1024.jpg 768w, https:\/\/terres-d-ailes.fr\/wp-content\/uploads\/2024\/02\/20230712_102754-225x300.jpg 225w, https:\/\/terres-d-ailes.fr\/wp-content\/uploads\/2024\/02\/20230712_102754-2000x2667.jpg 2000w, https:\/\/terres-d-ailes.fr\/wp-content\/uploads\/2024\/02\/20230712_102754-scaled.jpg 1920w\" sizes=\"auto, (max-width: 768px) 100vw, 768px\" \/><\/figure>\n<\/figure>\n\n\n\n<h2 class=\"wp-block-heading has-text-align-right\">H comme Hymette<\/h2>\n\n\n\n<figure class=\"wp-block-gallery has-nested-images columns-default is-cropped wp-block-gallery-3 is-layout-flex wp-block-gallery-is-layout-flex\">\n<figure class=\"wp-block-image size-large\"><img loading=\"lazy\" decoding=\"async\" width=\"1024\" height=\"479\" data-id=\"93\" src=\"https:\/\/terres-d-ailes.fr\/wp-content\/uploads\/2024\/02\/20230328_152050-1024x479.jpg\" alt=\"sculptures-c\u00e9ramiques-terres noires  Boites avec couvercle nomm\u00e9es Hymette. prix 27\u20ac l'une\" class=\"wp-image-93\" srcset=\"https:\/\/terres-d-ailes.fr\/wp-content\/uploads\/2024\/02\/20230328_152050-1024x479.jpg 1024w, https:\/\/terres-d-ailes.fr\/wp-content\/uploads\/2024\/02\/20230328_152050-300x140.jpg 300w, https:\/\/terres-d-ailes.fr\/wp-content\/uploads\/2024\/02\/20230328_152050-2000x936.jpg 2000w\" sizes=\"auto, (max-width: 1024px) 100vw, 1024px\" \/><figcaption class=\"wp-element-caption\"><strong>Bo\u00eetes H12 \u00e0 14 cm                                                                                                                                                                                                                                                              27\u20ac l&rsquo;une<\/strong><\/figcaption><\/figure>\n<\/figure>\n\n\n\n<h2 class=\"wp-block-heading has-text-align-right\">Vaisselle<\/h2>\n\n\n\n<figure class=\"wp-block-gallery has-nested-images columns-default is-cropped wp-block-gallery-4 is-layout-flex wp-block-gallery-is-layout-flex\">\n<figure class=\"wp-block-image size-large\"><img loading=\"lazy\" decoding=\"async\" width=\"1024\" height=\"747\" data-id=\"68\" src=\"https:\/\/terres-d-ailes.fr\/wp-content\/uploads\/2024\/02\/20230322_170948-1024x747.jpg\" alt=\"sculptures-c\u00e9ramiques-terres noires  \nVaisselles prix 33 \u20ac\" class=\"wp-image-68\" srcset=\"https:\/\/terres-d-ailes.fr\/wp-content\/uploads\/2024\/02\/20230322_170948-1024x747.jpg 1024w, https:\/\/terres-d-ailes.fr\/wp-content\/uploads\/2024\/02\/20230322_170948-300x219.jpg 300w, https:\/\/terres-d-ailes.fr\/wp-content\/uploads\/2024\/02\/20230322_170948-2000x1459.jpg 2000w\" sizes=\"auto, (max-width: 1024px) 100vw, 1024px\" \/><figcaption class=\"wp-element-caption\"><strong>Grand c\u00f4t\u00e9 15\/11\/7 H 2,5 \u00e0 3cm                                                                  L&rsquo;ensemble 33 \u20ac<\/strong><\/figcaption><\/figure>\n\n\n\n<figure class=\"wp-block-image size-large\"><img loading=\"lazy\" decoding=\"async\" width=\"1024\" height=\"599\" data-id=\"70\" src=\"https:\/\/terres-d-ailes.fr\/wp-content\/uploads\/2024\/02\/20230322_171450-1024x599.jpg\" alt=\"\nvaisselles \" class=\"wp-image-70\" srcset=\"https:\/\/terres-d-ailes.fr\/wp-content\/uploads\/2024\/02\/20230322_171450-1024x599.jpg 1024w, https:\/\/terres-d-ailes.fr\/wp-content\/uploads\/2024\/02\/20230322_171450-300x175.jpg 300w, https:\/\/terres-d-ailes.fr\/wp-content\/uploads\/2024\/02\/20230322_171450-2000x1170.jpg 2000w\" sizes=\"auto, (max-width: 1024px) 100vw, 1024px\" \/><\/figure>\n<\/figure>\n\n\n\n<h2 class=\"wp-block-heading has-text-align-right\">Sculptures<\/h2>\n\n\n\n<figure class=\"wp-block-gallery has-nested-images columns-default is-cropped wp-block-gallery-5 is-layout-flex wp-block-gallery-is-layout-flex\">\n<figure class=\"wp-block-image size-large\"><img loading=\"lazy\" decoding=\"async\" width=\"768\" height=\"1024\" data-id=\"89\" src=\"https:\/\/terres-d-ailes.fr\/wp-content\/uploads\/2024\/02\/20230328_151151-768x1024.jpg\" alt=\"sculptures-c\u00e9ramiques-terres noires  \nUn personnage tiens dans sa main un poisson\" class=\"wp-image-89\" srcset=\"https:\/\/terres-d-ailes.fr\/wp-content\/uploads\/2024\/02\/20230328_151151-768x1024.jpg 768w, https:\/\/terres-d-ailes.fr\/wp-content\/uploads\/2024\/02\/20230328_151151-225x300.jpg 225w, https:\/\/terres-d-ailes.fr\/wp-content\/uploads\/2024\/02\/20230328_151151-2000x2667.jpg 2000w, https:\/\/terres-d-ailes.fr\/wp-content\/uploads\/2024\/02\/20230328_151151-scaled.jpg 1920w\" sizes=\"auto, (max-width: 768px) 100vw, 768px\" \/><figcaption class=\"wp-element-caption\"><strong>Homme poisson H 38cm                                               77\u20ac <\/strong><\/figcaption><\/figure>\n\n\n\n<figure class=\"wp-block-image size-large\"><img loading=\"lazy\" decoding=\"async\" width=\"592\" height=\"1024\" data-id=\"86\" src=\"https:\/\/terres-d-ailes.fr\/wp-content\/uploads\/2024\/02\/20230328_151138-edited-1-592x1024.jpg\" alt=\"\nD\u00e9tail du poisson\" class=\"wp-image-86\" srcset=\"https:\/\/terres-d-ailes.fr\/wp-content\/uploads\/2024\/02\/20230328_151138-edited-1-592x1024.jpg 592w, https:\/\/terres-d-ailes.fr\/wp-content\/uploads\/2024\/02\/20230328_151138-edited-1-173x300.jpg 173w, https:\/\/terres-d-ailes.fr\/wp-content\/uploads\/2024\/02\/20230328_151138-edited-1.jpg 614w\" sizes=\"auto, (max-width: 592px) 100vw, 592px\" \/><\/figure>\n\n\n\n<figure class=\"wp-block-image size-large\"><img loading=\"lazy\" decoding=\"async\" width=\"723\" height=\"1024\" data-id=\"83\" src=\"https:\/\/terres-d-ailes.fr\/wp-content\/uploads\/2024\/02\/20230328_151117-scaled-1-723x1024.jpg\" alt=\"\nPersonnage vu de dos\" class=\"wp-image-83\" srcset=\"https:\/\/terres-d-ailes.fr\/wp-content\/uploads\/2024\/02\/20230328_151117-scaled-1-723x1024.jpg 723w, https:\/\/terres-d-ailes.fr\/wp-content\/uploads\/2024\/02\/20230328_151117-scaled-1-212x300.jpg 212w, https:\/\/terres-d-ailes.fr\/wp-content\/uploads\/2024\/02\/20230328_151117-scaled-1.jpg 1807w\" sizes=\"auto, (max-width: 723px) 100vw, 723px\" \/><\/figure>\n\n\n\n<figure class=\"wp-block-image size-large\"><img loading=\"lazy\" decoding=\"async\" width=\"768\" height=\"1024\" data-id=\"135\" src=\"https:\/\/terres-d-ailes.fr\/wp-content\/uploads\/2024\/02\/20230712_104052-768x1024.jpg\" alt=\"\nSculptures vase hauteur 17 centim\u00e8tres\" class=\"wp-image-135\" srcset=\"https:\/\/terres-d-ailes.fr\/wp-content\/uploads\/2024\/02\/20230712_104052-768x1024.jpg 768w, https:\/\/terres-d-ailes.fr\/wp-content\/uploads\/2024\/02\/20230712_104052-225x300.jpg 225w, https:\/\/terres-d-ailes.fr\/wp-content\/uploads\/2024\/02\/20230712_104052-2000x2667.jpg 2000w, https:\/\/terres-d-ailes.fr\/wp-content\/uploads\/2024\/02\/20230712_104052-scaled.jpg 1920w\" sizes=\"auto, (max-width: 768px) 100vw, 768px\" \/><figcaption class=\"wp-element-caption\"><strong>Vase H17cm col diam 6cm                                              57\u20ac<\/strong><\/figcaption><\/figure>\n\n\n\n<figure class=\"wp-block-image size-large\"><img loading=\"lazy\" decoding=\"async\" width=\"768\" height=\"1024\" data-id=\"134\" src=\"https:\/\/terres-d-ailes.fr\/wp-content\/uploads\/2024\/02\/20230712_104039-768x1024.jpg\" alt=\"\nSculptures vase hauteur 17 centim\u00e8tres vu de c\u00f4t\u00e9\" class=\"wp-image-134\" srcset=\"https:\/\/terres-d-ailes.fr\/wp-content\/uploads\/2024\/02\/20230712_104039-768x1024.jpg 768w, https:\/\/terres-d-ailes.fr\/wp-content\/uploads\/2024\/02\/20230712_104039-225x300.jpg 225w, https:\/\/terres-d-ailes.fr\/wp-content\/uploads\/2024\/02\/20230712_104039-2000x2667.jpg 2000w, https:\/\/terres-d-ailes.fr\/wp-content\/uploads\/2024\/02\/20230712_104039-scaled.jpg 1920w\" sizes=\"auto, (max-width: 768px) 100vw, 768px\" \/><\/figure>\n\n\n\n<figure class=\"wp-block-image size-large\"><img loading=\"lazy\" decoding=\"async\" width=\"768\" height=\"1024\" data-id=\"133\" src=\"https:\/\/terres-d-ailes.fr\/wp-content\/uploads\/2024\/02\/20230712_104032-768x1024.jpg\" alt=\"\nSculptures vase hauteur 17 centim\u00e8tres vue de dos\" class=\"wp-image-133\" srcset=\"https:\/\/terres-d-ailes.fr\/wp-content\/uploads\/2024\/02\/20230712_104032-768x1024.jpg 768w, https:\/\/terres-d-ailes.fr\/wp-content\/uploads\/2024\/02\/20230712_104032-225x300.jpg 225w, https:\/\/terres-d-ailes.fr\/wp-content\/uploads\/2024\/02\/20230712_104032-2000x2667.jpg 2000w, https:\/\/terres-d-ailes.fr\/wp-content\/uploads\/2024\/02\/20230712_104032-scaled.jpg 1920w\" sizes=\"auto, (max-width: 768px) 100vw, 768px\" \/><\/figure>\n<\/figure>\n","protected":false},"excerpt":{"rendered":"<p>sculptures-c\u00e9ramiques-terres noires J&rsquo;aime la terre noire. Difficile \u00e0 travailler, elle requiert beaucoup de patience et d&rsquo;attention. La modeler n\u00e9cessite de guetter le bon moment car, pour qu&rsquo;elle se laisse apprivoiser, elle ne doit pas trop s\u00e9cher au risque de s&rsquo;effriter. Une fois liss\u00e9e, elle atteint une texture cuir lisse \u00e9patante. La gratter, texturer de diverse &hellip; <\/p>\n<p class=\"link-more\"><a href=\"https:\/\/terres-d-ailes.fr\/index.php\/sculptures-ceramiques-terres-noires\/\" class=\"more-link\">Lire la suite de<span class=\"screen-reader-text\">\u00ab\u00a0Maternoire\u00a0\u00bb<\/span><\/a><\/p>\n","protected":false},"author":1,"featured_media":69,"parent":0,"menu_order":0,"comment_status":"closed","ping_status":"closed","template":"","meta":{"footnotes":""},"class_list":["post-303","page","type-page","status-publish","has-post-thumbnail","hentry"],"yoast_head":"<!-- This site is optimized with the Yoast SEO plugin v22.7 - https:\/\/yoast.com\/wordpress\/plugins\/seo\/ -->\n<title>sculptures-c\u00e9ramiques-terres noires Maternoire - Terres d&#039;Ailes<\/title>\n<meta name=\"description\" content=\"sculptures-c\u00e9ramiques-terres noires. Sculptures r\u00e9alis\u00e9es dans mon atelier \u00e0 partir d&#039;un projet commun ou pour redonner vie \u00e0 un objet\" \/>\n<meta name=\"robots\" content=\"index, follow, max-snippet:-1, max-image-preview:large, max-video-preview:-1\" \/>\n<link rel=\"canonical\" href=\"https:\/\/terres-d-ailes.fr\/index.php\/sculptures-ceramiques-terres-noires\/\" \/>\n<meta property=\"og:locale\" content=\"fr_FR\" \/>\n<meta property=\"og:type\" content=\"article\" \/>\n<meta property=\"og:title\" content=\"sculptures-c\u00e9ramiques-terres noires Maternoire - Terres d&#039;Ailes\" \/>\n<meta property=\"og:description\" content=\"sculptures-c\u00e9ramiques-terres noires. Sculptures r\u00e9alis\u00e9es dans mon atelier \u00e0 partir d&#039;un projet commun ou pour redonner vie \u00e0 un objet\" \/>\n<meta property=\"og:url\" content=\"https:\/\/terres-d-ailes.fr\/index.php\/sculptures-ceramiques-terres-noires\/\" \/>\n<meta property=\"og:site_name\" content=\"Terres d&#039;Ailes\" \/>\n<meta property=\"article:modified_time\" content=\"2024-05-21T19:00:25+00:00\" \/>\n<meta property=\"og:image\" content=\"http:\/\/terres-d-ailes.fr\/wp-content\/uploads\/2024\/02\/20230322_170957-scaled.jpg\" \/>\n\t<meta property=\"og:image:width\" content=\"2560\" \/>\n\t<meta property=\"og:image:height\" content=\"1920\" \/>\n\t<meta property=\"og:image:type\" content=\"image\/jpeg\" \/>\n<meta name=\"twitter:card\" content=\"summary_large_image\" \/>\n<meta name=\"twitter:label1\" content=\"Dur\u00e9e de lecture estim\u00e9e\" \/>\n\t<meta name=\"twitter:data1\" content=\"5 minutes\" \/>\n<script type=\"application\/ld+json\" class=\"yoast-schema-graph\">{\"@context\":\"https:\/\/schema.org\",\"@graph\":[{\"@type\":\"WebPage\",\"@id\":\"https:\/\/terres-d-ailes.fr\/index.php\/sculptures-ceramiques-terres-noires\/\",\"url\":\"https:\/\/terres-d-ailes.fr\/index.php\/sculptures-ceramiques-terres-noires\/\",\"name\":\"sculptures-c\u00e9ramiques-terres noires Maternoire - Terres d&#039;Ailes\",\"isPartOf\":{\"@id\":\"https:\/\/terres-d-ailes.fr\/#website\"},\"primaryImageOfPage\":{\"@id\":\"https:\/\/terres-d-ailes.fr\/index.php\/sculptures-ceramiques-terres-noires\/#primaryimage\"},\"image\":{\"@id\":\"https:\/\/terres-d-ailes.fr\/index.php\/sculptures-ceramiques-terres-noires\/#primaryimage\"},\"thumbnailUrl\":\"https:\/\/terres-d-ailes.fr\/wp-content\/uploads\/2024\/02\/20230322_170957-scaled.jpg\",\"datePublished\":\"2024-02-23T15:19:31+00:00\",\"dateModified\":\"2024-05-21T19:00:25+00:00\",\"description\":\"sculptures-c\u00e9ramiques-terres noires. Sculptures r\u00e9alis\u00e9es dans mon atelier \u00e0 partir d'un projet commun ou pour redonner vie \u00e0 un objet\",\"breadcrumb\":{\"@id\":\"https:\/\/terres-d-ailes.fr\/index.php\/sculptures-ceramiques-terres-noires\/#breadcrumb\"},\"inLanguage\":\"fr-FR\",\"potentialAction\":[{\"@type\":\"ReadAction\",\"target\":[\"https:\/\/terres-d-ailes.fr\/index.php\/sculptures-ceramiques-terres-noires\/\"]}]},{\"@type\":\"ImageObject\",\"inLanguage\":\"fr-FR\",\"@id\":\"https:\/\/terres-d-ailes.fr\/index.php\/sculptures-ceramiques-terres-noires\/#primaryimage\",\"url\":\"https:\/\/terres-d-ailes.fr\/wp-content\/uploads\/2024\/02\/20230322_170957-scaled.jpg\",\"contentUrl\":\"https:\/\/terres-d-ailes.fr\/wp-content\/uploads\/2024\/02\/20230322_170957-scaled.jpg\",\"width\":2560,\"height\":1920},{\"@type\":\"BreadcrumbList\",\"@id\":\"https:\/\/terres-d-ailes.fr\/index.php\/sculptures-ceramiques-terres-noires\/#breadcrumb\",\"itemListElement\":[{\"@type\":\"ListItem\",\"position\":1,\"name\":\"Accueil\",\"item\":\"https:\/\/terres-d-ailes.fr\/\"},{\"@type\":\"ListItem\",\"position\":2,\"name\":\"Maternoire\"}]},{\"@type\":\"WebSite\",\"@id\":\"https:\/\/terres-d-ailes.fr\/#website\",\"url\":\"https:\/\/terres-d-ailes.fr\/\",\"name\":\"Terres d'Ailes\",\"description\":\"Conjuguer les mots \u00e0 la terre et sentir nos ailes se d\u00e9ployer\",\"potentialAction\":[{\"@type\":\"SearchAction\",\"target\":{\"@type\":\"EntryPoint\",\"urlTemplate\":\"https:\/\/terres-d-ailes.fr\/?s={search_term_string}\"},\"query-input\":\"required name=search_term_string\"}],\"inLanguage\":\"fr-FR\"}]}<\/script>\n<!-- \/ Yoast SEO plugin. -->","yoast_head_json":{"title":"sculptures-c\u00e9ramiques-terres noires Maternoire - Terres d&#039;Ailes","description":"sculptures-c\u00e9ramiques-terres noires. Sculptures r\u00e9alis\u00e9es dans mon atelier \u00e0 partir d'un projet commun ou pour redonner vie \u00e0 un objet","robots":{"index":"index","follow":"follow","max-snippet":"max-snippet:-1","max-image-preview":"max-image-preview:large","max-video-preview":"max-video-preview:-1"},"canonical":"https:\/\/terres-d-ailes.fr\/index.php\/sculptures-ceramiques-terres-noires\/","og_locale":"fr_FR","og_type":"article","og_title":"sculptures-c\u00e9ramiques-terres noires Maternoire - Terres d&#039;Ailes","og_description":"sculptures-c\u00e9ramiques-terres noires. Sculptures r\u00e9alis\u00e9es dans mon atelier \u00e0 partir d'un projet commun ou pour redonner vie \u00e0 un objet","og_url":"https:\/\/terres-d-ailes.fr\/index.php\/sculptures-ceramiques-terres-noires\/","og_site_name":"Terres d&#039;Ailes","article_modified_time":"2024-05-21T19:00:25+00:00","og_image":[{"width":2560,"height":1920,"url":"http:\/\/terres-d-ailes.fr\/wp-content\/uploads\/2024\/02\/20230322_170957-scaled.jpg","type":"image\/jpeg"}],"twitter_card":"summary_large_image","twitter_misc":{"Dur\u00e9e de lecture estim\u00e9e":"5 minutes"},"schema":{"@context":"https:\/\/schema.org","@graph":[{"@type":"WebPage","@id":"https:\/\/terres-d-ailes.fr\/index.php\/sculptures-ceramiques-terres-noires\/","url":"https:\/\/terres-d-ailes.fr\/index.php\/sculptures-ceramiques-terres-noires\/","name":"sculptures-c\u00e9ramiques-terres noires Maternoire - Terres d&#039;Ailes","isPartOf":{"@id":"https:\/\/terres-d-ailes.fr\/#website"},"primaryImageOfPage":{"@id":"https:\/\/terres-d-ailes.fr\/index.php\/sculptures-ceramiques-terres-noires\/#primaryimage"},"image":{"@id":"https:\/\/terres-d-ailes.fr\/index.php\/sculptures-ceramiques-terres-noires\/#primaryimage"},"thumbnailUrl":"https:\/\/terres-d-ailes.fr\/wp-content\/uploads\/2024\/02\/20230322_170957-scaled.jpg","datePublished":"2024-02-23T15:19:31+00:00","dateModified":"2024-05-21T19:00:25+00:00","description":"sculptures-c\u00e9ramiques-terres noires. Sculptures r\u00e9alis\u00e9es dans mon atelier \u00e0 partir d'un projet commun ou pour redonner vie \u00e0 un objet","breadcrumb":{"@id":"https:\/\/terres-d-ailes.fr\/index.php\/sculptures-ceramiques-terres-noires\/#breadcrumb"},"inLanguage":"fr-FR","potentialAction":[{"@type":"ReadAction","target":["https:\/\/terres-d-ailes.fr\/index.php\/sculptures-ceramiques-terres-noires\/"]}]},{"@type":"ImageObject","inLanguage":"fr-FR","@id":"https:\/\/terres-d-ailes.fr\/index.php\/sculptures-ceramiques-terres-noires\/#primaryimage","url":"https:\/\/terres-d-ailes.fr\/wp-content\/uploads\/2024\/02\/20230322_170957-scaled.jpg","contentUrl":"https:\/\/terres-d-ailes.fr\/wp-content\/uploads\/2024\/02\/20230322_170957-scaled.jpg","width":2560,"height":1920},{"@type":"BreadcrumbList","@id":"https:\/\/terres-d-ailes.fr\/index.php\/sculptures-ceramiques-terres-noires\/#breadcrumb","itemListElement":[{"@type":"ListItem","position":1,"name":"Accueil","item":"https:\/\/terres-d-ailes.fr\/"},{"@type":"ListItem","position":2,"name":"Maternoire"}]},{"@type":"WebSite","@id":"https:\/\/terres-d-ailes.fr\/#website","url":"https:\/\/terres-d-ailes.fr\/","name":"Terres d'Ailes","description":"Conjuguer les mots \u00e0 la terre et sentir nos ailes se d\u00e9ployer","potentialAction":[{"@type":"SearchAction","target":{"@type":"EntryPoint","urlTemplate":"https:\/\/terres-d-ailes.fr\/?s={search_term_string}"},"query-input":"required name=search_term_string"}],"inLanguage":"fr-FR"}]}},"_links":{"self":[{"href":"https:\/\/terres-d-ailes.fr\/index.php\/wp-json\/wp\/v2\/pages\/303","targetHints":{"allow":["GET"]}}],"collection":[{"href":"https:\/\/terres-d-ailes.fr\/index.php\/wp-json\/wp\/v2\/pages"}],"about":[{"href":"https:\/\/terres-d-ailes.fr\/index.php\/wp-json\/wp\/v2\/types\/page"}],"author":[{"embeddable":true,"href":"https:\/\/terres-d-ailes.fr\/index.php\/wp-json\/wp\/v2\/users\/1"}],"replies":[{"embeddable":true,"href":"https:\/\/terres-d-ailes.fr\/index.php\/wp-json\/wp\/v2\/comments?post=303"}],"version-history":[{"count":6,"href":"https:\/\/terres-d-ailes.fr\/index.php\/wp-json\/wp\/v2\/pages\/303\/revisions"}],"predecessor-version":[{"id":453,"href":"https:\/\/terres-d-ailes.fr\/index.php\/wp-json\/wp\/v2\/pages\/303\/revisions\/453"}],"wp:featuredmedia":[{"embeddable":true,"href":"https:\/\/terres-d-ailes.fr\/index.php\/wp-json\/wp\/v2\/media\/69"}],"wp:attachment":[{"href":"https:\/\/terres-d-ailes.fr\/index.php\/wp-json\/wp\/v2\/media?parent=303"}],"curies":[{"name":"wp","href":"https:\/\/api.w.org\/{rel}","templated":true}]}}