{"id":295,"date":"2024-02-23T15:29:29","date_gmt":"2024-02-23T14:29:29","guid":{"rendered":"https:\/\/terres-d-ailes.fr\/?page_id=295"},"modified":"2024-09-17T19:29:54","modified_gmt":"2024-09-17T17:29:54","slug":"cadeau-personnalise-creation-ma-terre-dadvenir-3-propositions","status":"publish","type":"page","link":"https:\/\/terres-d-ailes.fr\/index.php\/cadeau-personnalise-creation-ma-terre-dadvenir-3-propositions\/","title":{"rendered":"3 propositions"},"content":{"rendered":"\n<h2 class=\"wp-block-heading\">&#8211; Cr\u00e9ations \u00e0 la demande <\/h2>\n\n\n\n<h2 class=\"wp-block-heading\">&#8211; Cr\u00e9ation \u00ab\u00a0rituel\u00a0\u00bb<\/h2>\n\n\n\n<h2 class=\"wp-block-heading\">&#8211; Cr\u00e9ation \u00ab\u00a0seconde vie\u00a0\u00bb<\/h2>\n\n\n\n<div class=\"wp-block-cover\" style=\"min-height:218px;aspect-ratio:unset;\"><span aria-hidden=\"true\" class=\"wp-block-cover__background has-background-dim-20 has-background-dim\"><\/span><img loading=\"lazy\" decoding=\"async\" width=\"1600\" height=\"1200\" class=\"wp-block-cover__image-background wp-image-113\" alt=\"\" src=\"http:\/\/terres-d-ailes.fr\/wp-content\/uploads\/2024\/02\/20230328_160427-2.jpg\" style=\"object-position:20% 49%\" data-object-fit=\"cover\" data-object-position=\"20% 49%\" srcset=\"https:\/\/terres-d-ailes.fr\/wp-content\/uploads\/2024\/02\/20230328_160427-2.jpg 1600w, https:\/\/terres-d-ailes.fr\/wp-content\/uploads\/2024\/02\/20230328_160427-2-300x225.jpg 300w, https:\/\/terres-d-ailes.fr\/wp-content\/uploads\/2024\/02\/20230328_160427-2-1024x768.jpg 1024w\" sizes=\"auto, (max-width: 1600px) 100vw, 1600px\" \/><div class=\"wp-block-cover__inner-container has-global-padding is-layout-constrained wp-block-cover-is-layout-constrained\">\n<p class=\"has-text-align-right has-large-font-size\">Cr\u00e9ations \u00e0 la demande<\/p>\n<\/div><\/div>\n\n\n\n<h2 class=\"wp-block-heading\">Cr\u00e9ation \u00e0 la demande<\/h2>\n\n\n\n<p class=\"has-medium-font-size\">Vous souhaitez vous<strong>  <\/strong>offrir<strong> un objet utile<\/strong>, faire fabriquer un <strong>cadeau personnalis\u00e9<\/strong>, <strong>compl\u00e9ter une collection<\/strong> par une <a href=\"https:\/\/terres-d-ailes.fr\/index.php\/mes-creations\/\">cr\u00e9ation<\/a> unique ?<\/p>\n\n\n\n<p class=\"has-medium-font-size\"> Donnons nous rendez vous pour \u00e9changer, ensemble nous prendrons le temps de penser ce projet qui vous tient \u00e0 c\u0153ur. <\/p>\n\n\n\n<p class=\"has-small-font-size\"><em>Tarif \u00e0 d\u00e9finir en fonction du projet.<\/em><\/p>\n\n\n\n<figure class=\"wp-block-gallery has-nested-images columns-default is-cropped wp-block-gallery-1 is-layout-flex wp-block-gallery-is-layout-flex\">\n<figure class=\"wp-block-image size-large\"><img loading=\"lazy\" decoding=\"async\" width=\"972\" height=\"1024\" data-id=\"48\" src=\"https:\/\/terres-d-ailes.fr\/wp-content\/uploads\/2024\/02\/20220621_093253-972x1024.jpg\" alt=\"cadeau personnalis\u00e9 cr\u00e9ation en Raku h\u00e9l\u00e9\" class=\"wp-image-48\" srcset=\"https:\/\/terres-d-ailes.fr\/wp-content\/uploads\/2024\/02\/20220621_093253-972x1024.jpg 972w, https:\/\/terres-d-ailes.fr\/wp-content\/uploads\/2024\/02\/20220621_093253-285x300.jpg 285w, https:\/\/terres-d-ailes.fr\/wp-content\/uploads\/2024\/02\/20220621_093253-2000x2107.jpg 2000w\" sizes=\"auto, (max-width: 972px) 100vw, 972px\" \/><figcaption class=\"wp-element-caption\"><strong>R\u00e9alis\u00e9 \u00e0 la demande: Noble et tendre coq<\/strong><\/figcaption><\/figure>\n\n\n\n<figure class=\"wp-block-image size-large\"><img loading=\"lazy\" decoding=\"async\" width=\"768\" height=\"1024\" data-id=\"49\" src=\"https:\/\/terres-d-ailes.fr\/wp-content\/uploads\/2024\/02\/20220621_151234-768x1024.jpg\" alt=\"cadeau personnalis\u00e9, cr\u00e9ation en terre noire h\u00e9l\u00e9\" class=\"wp-image-49\" srcset=\"https:\/\/terres-d-ailes.fr\/wp-content\/uploads\/2024\/02\/20220621_151234-768x1024.jpg 768w, https:\/\/terres-d-ailes.fr\/wp-content\/uploads\/2024\/02\/20220621_151234-225x300.jpg 225w, https:\/\/terres-d-ailes.fr\/wp-content\/uploads\/2024\/02\/20220621_151234-2000x2667.jpg 2000w, https:\/\/terres-d-ailes.fr\/wp-content\/uploads\/2024\/02\/20220621_151234-scaled.jpg 1920w\" sizes=\"auto, (max-width: 768px) 100vw, 768px\" \/><figcaption class=\"wp-element-caption\"><strong>R\u00e9alis\u00e9 \u00e0 la demande: Pot \u00e0 ustensiles de cuisine <\/strong><\/figcaption><\/figure>\n\n\n\n<figure class=\"wp-block-image size-large\"><img loading=\"lazy\" decoding=\"async\" width=\"675\" height=\"1024\" data-id=\"463\" src=\"https:\/\/terres-d-ailes.fr\/wp-content\/uploads\/2024\/09\/20240303_1358351-675x1024.jpg\" alt=\"\" class=\"wp-image-463\" srcset=\"https:\/\/terres-d-ailes.fr\/wp-content\/uploads\/2024\/09\/20240303_1358351-675x1024.jpg 675w, https:\/\/terres-d-ailes.fr\/wp-content\/uploads\/2024\/09\/20240303_1358351-198x300.jpg 198w, https:\/\/terres-d-ailes.fr\/wp-content\/uploads\/2024\/09\/20240303_1358351-2000x3034.jpg 2000w, https:\/\/terres-d-ailes.fr\/wp-content\/uploads\/2024\/09\/20240303_1358351-scaled.jpg 1688w\" sizes=\"auto, (max-width: 675px) 100vw, 675px\" \/><figcaption class=\"wp-element-caption\">Fabrication sur mesure  de coupole pour halog\u00e8ne<\/figcaption><\/figure>\n<\/figure>\n\n\n\n<p><\/p>\n\n\n\n<div class=\"wp-block-cover\" style=\"min-height:262px;aspect-ratio:unset;\"><span aria-hidden=\"true\" class=\"wp-block-cover__background has-background-dim-20 has-background-dim\"><\/span><img loading=\"lazy\" decoding=\"async\" width=\"1600\" height=\"1200\" class=\"wp-block-cover__image-background wp-image-113\" alt=\"\" src=\"http:\/\/terres-d-ailes.fr\/wp-content\/uploads\/2024\/02\/20230328_160427-2.jpg\" style=\"object-position:57% 73%\" data-object-fit=\"cover\" data-object-position=\"57% 73%\" srcset=\"https:\/\/terres-d-ailes.fr\/wp-content\/uploads\/2024\/02\/20230328_160427-2.jpg 1600w, https:\/\/terres-d-ailes.fr\/wp-content\/uploads\/2024\/02\/20230328_160427-2-300x225.jpg 300w, https:\/\/terres-d-ailes.fr\/wp-content\/uploads\/2024\/02\/20230328_160427-2-1024x768.jpg 1024w\" sizes=\"auto, (max-width: 1600px) 100vw, 1600px\" \/><div class=\"wp-block-cover__inner-container has-global-padding is-layout-constrained wp-block-cover-is-layout-constrained\">\n<p class=\"has-text-align-right has-large-font-size\">Cr\u00e9ation \u00ab\u00a0Rituel\u00a0\u00bb<\/p>\n<\/div><\/div>\n\n\n\n<h2 class=\"wp-block-heading\">Cr\u00e9ation Rituel<\/h2>\n\n\n\n<blockquote class=\"wp-block-quote is-layout-flow wp-block-quote-is-layout-flow\">\n<div class=\"wp-block-media-text is-stacked-on-mobile\"><figure class=\"wp-block-media-text__media\"><img loading=\"lazy\" decoding=\"async\" width=\"1024\" height=\"614\" src=\"http:\/\/terres-d-ailes.fr\/wp-content\/uploads\/2024\/02\/cropped-20230328_143007-1-1024x614.jpg\" alt=\"cadeau personnalis\u00e9 cr\u00e9ation en terre noire et Raku . Un poisson murmure \u00e0 l'oreille d'h\u00e9l\u00e9\u2026\" class=\"wp-image-249 size-full\" srcset=\"https:\/\/terres-d-ailes.fr\/wp-content\/uploads\/2024\/02\/cropped-20230328_143007-1-1024x614.jpg 1024w, https:\/\/terres-d-ailes.fr\/wp-content\/uploads\/2024\/02\/cropped-20230328_143007-1-300x180.jpg 300w, https:\/\/terres-d-ailes.fr\/wp-content\/uploads\/2024\/02\/cropped-20230328_143007-1.jpg 2000w\" sizes=\"auto, (max-width: 1024px) 100vw, 1024px\" \/><\/figure><div class=\"wp-block-media-text__content\">\n<blockquote class=\"wp-block-quote has-medium-font-size is-layout-flow wp-block-quote-is-layout-flow\">\n<p class=\"has-medium-font-size\" id=\"block-40ca393d-7de3-4bbc-a541-55321caa34d1\">A l&rsquo; \u00e9coute de vos mots, je chercherai \u00e0 fa\u00e7onner la terre pour lui donner une forme repr\u00e9sentant symboliquement une grande \u00e9tape de votre vie. La cr\u00e9ation inscrira ce moment marquant dans votre parcours de vie.<\/p>\n<cite>H\u00e9l\u00e9soleil<\/cite><\/blockquote>\n<\/div><\/div>\n<\/blockquote>\n\n\n\n<p class=\"has-medium-font-size\">La vie ponctu\u00e9e d&rsquo;\u00e9tapes, de moments marquants, nous fait passer d&rsquo;un avant \u00e0 un apr\u00e8s, d&rsquo;un \u00e9tat \u00e0 un autre. Ici, l&rsquo;\u0153uvre intime est pens\u00e9e avec vous.  Nous \u00e9laborerons ensemble cet cr\u00e9ation qui<strong> ritualise un passage d&rsquo;un \u00e9tat \u00e0 un autre<\/strong>. Elle donne une forme \u00e0 cet avant et cet apr\u00e8s pour <strong>ouvrir sur ce qui advient<\/strong>.<\/p>\n\n\n\n<p class=\"has-medium-font-size\">Je la r\u00e9alise \u00e0 l&rsquo;issue d&rsquo;un ou <strong>deux entretiens<\/strong> d&rsquo;une heure avec vous. Cet objet peut \u00eatre un cadeau personnalis\u00e9 que vous vous adressez, il marque ce que vous quittez et ce vers quoi vous souhaitez aller. Il peut \u00eatre un cadeau personnalis\u00e9 fait \u00e0 un adolescent pour son acc\u00e8s \u00e0 la majorit\u00e9, celui fait \u00e0 une femme qui devient m\u00e8re, \u00e0 soi m\u00eame pour accueillir les cendres d&rsquo;un proche, pour un mariage comme pour une s\u00e9paration, \u00e0 l&rsquo;occasion de la vente d&rsquo;un bien immobilier familial qui cl\u00f4t un chapitre de la vie de famille, le passage de la vie active \u00e0 la retraite etc. Que ces \u00ab\u00a0travers\u00e9es\u00a0\u00bb de vie soient heureuses ou malheureuses, la cr\u00e9ation que je vous propose cherchera \u00e0 <strong>symboliser une fin, un d\u00e9but, des changements, des possibles<\/strong>.<\/p>\n\n\n\n<p class=\"has-medium-font-size\"><em>Co\u00fbt Forfaitaire adapt\u00e9 au projet (entretiens + cr\u00e9ation). R\u00e8glement de 50 euros \u00e0 l&rsquo;issue de chaque entretien.<\/em><\/p>\n\n\n\n<figure class=\"wp-block-gallery has-nested-images columns-default is-cropped wp-block-gallery-2 is-layout-flex wp-block-gallery-is-layout-flex\"><\/figure>\n\n\n\n<figure class=\"wp-block-gallery has-nested-images columns-default is-cropped wp-block-gallery-3 is-layout-flex wp-block-gallery-is-layout-flex\">\n<figure class=\"wp-block-image size-large\"><img loading=\"lazy\" decoding=\"async\" width=\"1920\" height=\"2560\" data-id=\"484\" src=\"https:\/\/terres-d-ailes.fr\/wp-content\/uploads\/2024\/09\/20240420_154612-1-edited-scaled.jpg\" alt=\"\" class=\"wp-image-484\" srcset=\"https:\/\/terres-d-ailes.fr\/wp-content\/uploads\/2024\/09\/20240420_154612-1-edited-scaled.jpg 1920w, https:\/\/terres-d-ailes.fr\/wp-content\/uploads\/2024\/09\/20240420_154612-1-edited-225x300.jpg 225w, https:\/\/terres-d-ailes.fr\/wp-content\/uploads\/2024\/09\/20240420_154612-1-edited-768x1024.jpg 768w, https:\/\/terres-d-ailes.fr\/wp-content\/uploads\/2024\/09\/20240420_154612-1-edited-2000x2666.jpg 2000w\" sizes=\"auto, (max-width: 1920px) 100vw, 1920px\" \/><figcaption class=\"wp-element-caption\">Mariage- c\u00e9ramique terre noire 30 cm de diam\u00e8tre<\/figcaption><\/figure>\n\n\n\n<figure class=\"wp-block-image size-large\"><img loading=\"lazy\" decoding=\"async\" width=\"1920\" height=\"2560\" data-id=\"483\" src=\"https:\/\/terres-d-ailes.fr\/wp-content\/uploads\/2024\/09\/20240227_174816-1-edited-scaled.jpg\" alt=\"\" class=\"wp-image-483\" srcset=\"https:\/\/terres-d-ailes.fr\/wp-content\/uploads\/2024\/09\/20240227_174816-1-edited-scaled.jpg 1920w, https:\/\/terres-d-ailes.fr\/wp-content\/uploads\/2024\/09\/20240227_174816-1-edited-225x300.jpg 225w, https:\/\/terres-d-ailes.fr\/wp-content\/uploads\/2024\/09\/20240227_174816-1-edited-768x1024.jpg 768w, https:\/\/terres-d-ailes.fr\/wp-content\/uploads\/2024\/09\/20240227_174816-1-edited-2000x2667.jpg 2000w\" sizes=\"auto, (max-width: 1920px) 100vw, 1920px\" \/><figcaption class=\"wp-element-caption\">Travail d&#8217;empreintes \u00e0 partir des lettres des anc\u00eatres<br> et de la nouvelle famille compos\u00e9e<\/figcaption><\/figure>\n\n\n\n<figure class=\"wp-block-image size-large\"><img loading=\"lazy\" decoding=\"async\" width=\"2030\" height=\"1523\" data-id=\"482\" src=\"https:\/\/terres-d-ailes.fr\/wp-content\/uploads\/2024\/09\/20240117_124956-5-edited.jpg\" alt=\"\" class=\"wp-image-482\" srcset=\"https:\/\/terres-d-ailes.fr\/wp-content\/uploads\/2024\/09\/20240117_124956-5-edited.jpg 2030w, https:\/\/terres-d-ailes.fr\/wp-content\/uploads\/2024\/09\/20240117_124956-5-edited-300x225.jpg 300w, https:\/\/terres-d-ailes.fr\/wp-content\/uploads\/2024\/09\/20240117_124956-5-edited-1024x768.jpg 1024w, https:\/\/terres-d-ailes.fr\/wp-content\/uploads\/2024\/09\/20240117_124956-5-edited-2000x1500.jpg 2000w\" sizes=\"auto, (max-width: 2030px) 100vw, 2030px\" \/><\/figure>\n<\/figure>\n\n\n\n<div class=\"wp-block-columns is-layout-flex wp-container-core-columns-is-layout-28f84493 wp-block-columns-is-layout-flex\">\n<div class=\"wp-block-column is-layout-flow wp-block-column-is-layout-flow\"><\/div>\n\n\n\n<div class=\"wp-block-column is-layout-flow wp-block-column-is-layout-flow\"><\/div>\n<\/div>\n\n\n\n<div class=\"wp-block-cover\" style=\"min-height:243px;aspect-ratio:unset;\"><span aria-hidden=\"true\" class=\"wp-block-cover__background has-background-dim-20 has-background-dim\"><\/span><img loading=\"lazy\" decoding=\"async\" width=\"1600\" height=\"1200\" class=\"wp-block-cover__image-background wp-image-111\" alt=\"cadeau personnalis\u00e9 . peinture d\u00e9corative pour illustrer le paragraphe: Cr\u00e9ation seconde vie.\" src=\"http:\/\/terres-d-ailes.fr\/wp-content\/uploads\/2024\/02\/20230328_160427.jpg\" style=\"object-position:10% 95%\" data-object-fit=\"cover\" data-object-position=\"10% 95%\" srcset=\"https:\/\/terres-d-ailes.fr\/wp-content\/uploads\/2024\/02\/20230328_160427.jpg 1600w, https:\/\/terres-d-ailes.fr\/wp-content\/uploads\/2024\/02\/20230328_160427-300x225.jpg 300w, https:\/\/terres-d-ailes.fr\/wp-content\/uploads\/2024\/02\/20230328_160427-1024x768.jpg 1024w\" sizes=\"auto, (max-width: 1600px) 100vw, 1600px\" \/><div class=\"wp-block-cover__inner-container has-global-padding is-layout-constrained wp-block-cover-is-layout-constrained\">\n<p class=\"has-text-align-right has-large-font-size\">Cr\u00e9ation <strong>\u00ab\u00a0seconde vie\u00a0\u00bb<\/strong><\/p>\n<\/div><\/div>\n\n\n\n<h2 class=\"wp-block-heading\">Cr\u00e9ation seconde vie<\/h2>\n\n\n\n<p class=\"has-medium-font-size\">Vous aimeriez offrir une <strong>seconde vie \u00e0 un objet cass\u00e9 ou un bout d&rsquo;objet us\u00e9<\/strong> qui est cher \u00e0 votre c\u0153ur ? <\/p>\n\n\n\n<p class=\"has-medium-font-size\">Avec la terre, je propose de cr\u00e9er pour vous un nouvel objet con\u00e7u \u00e0 partir de cet objet cass\u00e9. A l&rsquo;occasion d&rsquo;un entretien nous imaginerons ce projet \u00e0 partir de ce qui vous est cher. \u00c9clair\u00e9e par vos intentions, guid\u00e9e par l&rsquo;histoire de cet objet, inspir\u00e9e par vos mots, je chercherai \u00e0 <strong>conjuguer ce bout d&rsquo;objet \u00e0 la terre<\/strong> pour lui donner une seconde vie. Mon travail de fa\u00e7onnage s&rsquo;inspirera du bien lui m\u00eame et de ses \u00e9chos dans notre \u00e9change. Ces fissures, ses marques d&rsquo;usure, ses \u00e9clats de brillance ou ses ar\u00eates bien conserv\u00e9es guideront mon ouvrage. A l&rsquo;occasion d&rsquo;un entretien d&rsquo;une heure, je prends le temps d&rsquo;<strong>entendre ce que cet objet repr\u00e9sente pour vous<\/strong>, ce que vous aimeriez faire na\u00eetre ou simplement prolonger.<\/p>\n\n\n\n<p class=\"has-medium-font-size\">Cet \u00e9change d&rsquo;une heure renouvelable une fois est n\u00e9cessaire pour \u00e9laborer un projet de cr\u00e9ation proche de vos attentes.<\/p>\n\n\n\n<p class=\"has-medium-font-size\"><em>Co\u00fbt Forfaitaire \u00e0 discuter en fonction du projet. R\u00e8glement de 50 euros \u00e0 l&rsquo;issue de chaque entretien. Co\u00fbt <strong>minimum<\/strong> 137 \u20ac ( Un entretien 50\u20ac et cr\u00e9ation 87 \u20ac).<\/em> <\/p>\n\n\n\n<div class=\"wp-block-media-text is-stacked-on-mobile\"><figure class=\"wp-block-media-text__media\"><img loading=\"lazy\" decoding=\"async\" width=\"768\" height=\"1024\" src=\"http:\/\/terres-d-ailes.fr\/wp-content\/uploads\/2024\/02\/20230328_153551-768x1024.jpg\" alt=\"\" class=\"wp-image-96 size-full\" srcset=\"https:\/\/terres-d-ailes.fr\/wp-content\/uploads\/2024\/02\/20230328_153551-768x1024.jpg 768w, https:\/\/terres-d-ailes.fr\/wp-content\/uploads\/2024\/02\/20230328_153551-225x300.jpg 225w, https:\/\/terres-d-ailes.fr\/wp-content\/uploads\/2024\/02\/20230328_153551-2000x2667.jpg 2000w, https:\/\/terres-d-ailes.fr\/wp-content\/uploads\/2024\/02\/20230328_153551-scaled.jpg 1920w\" sizes=\"auto, (max-width: 768px) 100vw, 768px\" \/><\/figure><div class=\"wp-block-media-text__content\">\n<p class=\"has-medium-font-size\">Deuxi\u00e8me vie  offerte \u00e0 un verre en cristal.<\/p>\n<\/div><\/div>\n\n\n\n<h2 class=\"wp-block-heading\"><\/h2>\n","protected":false},"excerpt":{"rendered":"<p>&#8211; Cr\u00e9ations \u00e0 la demande &#8211; Cr\u00e9ation \u00ab\u00a0rituel\u00a0\u00bb &#8211; Cr\u00e9ation \u00ab\u00a0seconde vie\u00a0\u00bb Cr\u00e9ation \u00e0 la demande Vous souhaitez vous offrir un objet utile, faire fabriquer un cadeau personnalis\u00e9, compl\u00e9ter une collection par une cr\u00e9ation unique ? Donnons nous rendez vous pour \u00e9changer, ensemble nous prendrons le temps de penser ce projet qui vous tient \u00e0 &hellip; <\/p>\n<p class=\"link-more\"><a href=\"https:\/\/terres-d-ailes.fr\/index.php\/cadeau-personnalise-creation-ma-terre-dadvenir-3-propositions\/\" class=\"more-link\">Lire la suite de<span class=\"screen-reader-text\">\u00ab\u00a03 propositions\u00a0\u00bb<\/span><\/a><\/p>\n","protected":false},"author":1,"featured_media":109,"parent":0,"menu_order":0,"comment_status":"closed","ping_status":"closed","template":"","meta":{"footnotes":""},"class_list":["post-295","page","type-page","status-publish","has-post-thumbnail","hentry"],"yoast_head":"<!-- This site is optimized with the Yoast SEO plugin v22.7 - https:\/\/yoast.com\/wordpress\/plugins\/seo\/ -->\n<title>cadeau personnalis\u00e9 3 propositions - Terres d&#039;Ailes<\/title>\n<meta name=\"description\" content=\"je vous propose d&#039;offrir un objet utile, faire fabriquer un cadeau personnalis\u00e9, compl\u00e9ter une collection par une cr\u00e9ation unique.\" \/>\n<meta name=\"robots\" content=\"index, follow, max-snippet:-1, max-image-preview:large, max-video-preview:-1\" \/>\n<link rel=\"canonical\" href=\"https:\/\/terres-d-ailes.fr\/index.php\/cadeau-personnalise-creation-ma-terre-dadvenir-3-propositions\/\" \/>\n<meta property=\"og:locale\" content=\"fr_FR\" \/>\n<meta property=\"og:type\" content=\"article\" \/>\n<meta property=\"og:title\" content=\"cadeau personnalis\u00e9 3 propositions - Terres d&#039;Ailes\" \/>\n<meta property=\"og:description\" content=\"je vous propose d&#039;offrir un objet utile, faire fabriquer un cadeau personnalis\u00e9, compl\u00e9ter une collection par une cr\u00e9ation unique.\" \/>\n<meta property=\"og:url\" content=\"https:\/\/terres-d-ailes.fr\/index.php\/cadeau-personnalise-creation-ma-terre-dadvenir-3-propositions\/\" \/>\n<meta property=\"og:site_name\" content=\"Terres d&#039;Ailes\" \/>\n<meta property=\"article:modified_time\" content=\"2024-09-17T17:29:54+00:00\" \/>\n<meta property=\"og:image\" content=\"http:\/\/terres-d-ailes.fr\/wp-content\/uploads\/2024\/02\/20230328_160314-scaled.jpg\" \/>\n\t<meta property=\"og:image:width\" content=\"2560\" \/>\n\t<meta property=\"og:image:height\" content=\"1920\" \/>\n\t<meta property=\"og:image:type\" content=\"image\/jpeg\" \/>\n<meta name=\"twitter:card\" content=\"summary_large_image\" \/>\n<meta name=\"twitter:label1\" content=\"Dur\u00e9e de lecture estim\u00e9e\" \/>\n\t<meta name=\"twitter:data1\" content=\"5 minutes\" \/>\n<script type=\"application\/ld+json\" class=\"yoast-schema-graph\">{\"@context\":\"https:\/\/schema.org\",\"@graph\":[{\"@type\":\"WebPage\",\"@id\":\"https:\/\/terres-d-ailes.fr\/index.php\/cadeau-personnalise-creation-ma-terre-dadvenir-3-propositions\/\",\"url\":\"https:\/\/terres-d-ailes.fr\/index.php\/cadeau-personnalise-creation-ma-terre-dadvenir-3-propositions\/\",\"name\":\"cadeau personnalis\u00e9 3 propositions - Terres d&#039;Ailes\",\"isPartOf\":{\"@id\":\"https:\/\/terres-d-ailes.fr\/#website\"},\"primaryImageOfPage\":{\"@id\":\"https:\/\/terres-d-ailes.fr\/index.php\/cadeau-personnalise-creation-ma-terre-dadvenir-3-propositions\/#primaryimage\"},\"image\":{\"@id\":\"https:\/\/terres-d-ailes.fr\/index.php\/cadeau-personnalise-creation-ma-terre-dadvenir-3-propositions\/#primaryimage\"},\"thumbnailUrl\":\"https:\/\/terres-d-ailes.fr\/wp-content\/uploads\/2024\/02\/20230328_160314-scaled.jpg\",\"datePublished\":\"2024-02-23T14:29:29+00:00\",\"dateModified\":\"2024-09-17T17:29:54+00:00\",\"description\":\"je vous propose d'offrir un objet utile, faire fabriquer un cadeau personnalis\u00e9, compl\u00e9ter une collection par une cr\u00e9ation unique.\",\"breadcrumb\":{\"@id\":\"https:\/\/terres-d-ailes.fr\/index.php\/cadeau-personnalise-creation-ma-terre-dadvenir-3-propositions\/#breadcrumb\"},\"inLanguage\":\"fr-FR\",\"potentialAction\":[{\"@type\":\"ReadAction\",\"target\":[\"https:\/\/terres-d-ailes.fr\/index.php\/cadeau-personnalise-creation-ma-terre-dadvenir-3-propositions\/\"]}]},{\"@type\":\"ImageObject\",\"inLanguage\":\"fr-FR\",\"@id\":\"https:\/\/terres-d-ailes.fr\/index.php\/cadeau-personnalise-creation-ma-terre-dadvenir-3-propositions\/#primaryimage\",\"url\":\"https:\/\/terres-d-ailes.fr\/wp-content\/uploads\/2024\/02\/20230328_160314-scaled.jpg\",\"contentUrl\":\"https:\/\/terres-d-ailes.fr\/wp-content\/uploads\/2024\/02\/20230328_160314-scaled.jpg\",\"width\":2560,\"height\":1920},{\"@type\":\"BreadcrumbList\",\"@id\":\"https:\/\/terres-d-ailes.fr\/index.php\/cadeau-personnalise-creation-ma-terre-dadvenir-3-propositions\/#breadcrumb\",\"itemListElement\":[{\"@type\":\"ListItem\",\"position\":1,\"name\":\"Accueil\",\"item\":\"https:\/\/terres-d-ailes.fr\/\"},{\"@type\":\"ListItem\",\"position\":2,\"name\":\"3 propositions\"}]},{\"@type\":\"WebSite\",\"@id\":\"https:\/\/terres-d-ailes.fr\/#website\",\"url\":\"https:\/\/terres-d-ailes.fr\/\",\"name\":\"Terres d'Ailes\",\"description\":\"Conjuguer les mots \u00e0 la terre et sentir nos ailes se d\u00e9ployer\",\"potentialAction\":[{\"@type\":\"SearchAction\",\"target\":{\"@type\":\"EntryPoint\",\"urlTemplate\":\"https:\/\/terres-d-ailes.fr\/?s={search_term_string}\"},\"query-input\":\"required name=search_term_string\"}],\"inLanguage\":\"fr-FR\"}]}<\/script>\n<!-- \/ Yoast SEO plugin. -->","yoast_head_json":{"title":"cadeau personnalis\u00e9 3 propositions - Terres d&#039;Ailes","description":"je vous propose d'offrir un objet utile, faire fabriquer un cadeau personnalis\u00e9, compl\u00e9ter une collection par une cr\u00e9ation unique.","robots":{"index":"index","follow":"follow","max-snippet":"max-snippet:-1","max-image-preview":"max-image-preview:large","max-video-preview":"max-video-preview:-1"},"canonical":"https:\/\/terres-d-ailes.fr\/index.php\/cadeau-personnalise-creation-ma-terre-dadvenir-3-propositions\/","og_locale":"fr_FR","og_type":"article","og_title":"cadeau personnalis\u00e9 3 propositions - Terres d&#039;Ailes","og_description":"je vous propose d'offrir un objet utile, faire fabriquer un cadeau personnalis\u00e9, compl\u00e9ter une collection par une cr\u00e9ation unique.","og_url":"https:\/\/terres-d-ailes.fr\/index.php\/cadeau-personnalise-creation-ma-terre-dadvenir-3-propositions\/","og_site_name":"Terres d&#039;Ailes","article_modified_time":"2024-09-17T17:29:54+00:00","og_image":[{"width":2560,"height":1920,"url":"http:\/\/terres-d-ailes.fr\/wp-content\/uploads\/2024\/02\/20230328_160314-scaled.jpg","type":"image\/jpeg"}],"twitter_card":"summary_large_image","twitter_misc":{"Dur\u00e9e de lecture estim\u00e9e":"5 minutes"},"schema":{"@context":"https:\/\/schema.org","@graph":[{"@type":"WebPage","@id":"https:\/\/terres-d-ailes.fr\/index.php\/cadeau-personnalise-creation-ma-terre-dadvenir-3-propositions\/","url":"https:\/\/terres-d-ailes.fr\/index.php\/cadeau-personnalise-creation-ma-terre-dadvenir-3-propositions\/","name":"cadeau personnalis\u00e9 3 propositions - Terres d&#039;Ailes","isPartOf":{"@id":"https:\/\/terres-d-ailes.fr\/#website"},"primaryImageOfPage":{"@id":"https:\/\/terres-d-ailes.fr\/index.php\/cadeau-personnalise-creation-ma-terre-dadvenir-3-propositions\/#primaryimage"},"image":{"@id":"https:\/\/terres-d-ailes.fr\/index.php\/cadeau-personnalise-creation-ma-terre-dadvenir-3-propositions\/#primaryimage"},"thumbnailUrl":"https:\/\/terres-d-ailes.fr\/wp-content\/uploads\/2024\/02\/20230328_160314-scaled.jpg","datePublished":"2024-02-23T14:29:29+00:00","dateModified":"2024-09-17T17:29:54+00:00","description":"je vous propose d'offrir un objet utile, faire fabriquer un cadeau personnalis\u00e9, compl\u00e9ter une collection par une cr\u00e9ation unique.","breadcrumb":{"@id":"https:\/\/terres-d-ailes.fr\/index.php\/cadeau-personnalise-creation-ma-terre-dadvenir-3-propositions\/#breadcrumb"},"inLanguage":"fr-FR","potentialAction":[{"@type":"ReadAction","target":["https:\/\/terres-d-ailes.fr\/index.php\/cadeau-personnalise-creation-ma-terre-dadvenir-3-propositions\/"]}]},{"@type":"ImageObject","inLanguage":"fr-FR","@id":"https:\/\/terres-d-ailes.fr\/index.php\/cadeau-personnalise-creation-ma-terre-dadvenir-3-propositions\/#primaryimage","url":"https:\/\/terres-d-ailes.fr\/wp-content\/uploads\/2024\/02\/20230328_160314-scaled.jpg","contentUrl":"https:\/\/terres-d-ailes.fr\/wp-content\/uploads\/2024\/02\/20230328_160314-scaled.jpg","width":2560,"height":1920},{"@type":"BreadcrumbList","@id":"https:\/\/terres-d-ailes.fr\/index.php\/cadeau-personnalise-creation-ma-terre-dadvenir-3-propositions\/#breadcrumb","itemListElement":[{"@type":"ListItem","position":1,"name":"Accueil","item":"https:\/\/terres-d-ailes.fr\/"},{"@type":"ListItem","position":2,"name":"3 propositions"}]},{"@type":"WebSite","@id":"https:\/\/terres-d-ailes.fr\/#website","url":"https:\/\/terres-d-ailes.fr\/","name":"Terres d'Ailes","description":"Conjuguer les mots \u00e0 la terre et sentir nos ailes se d\u00e9ployer","potentialAction":[{"@type":"SearchAction","target":{"@type":"EntryPoint","urlTemplate":"https:\/\/terres-d-ailes.fr\/?s={search_term_string}"},"query-input":"required name=search_term_string"}],"inLanguage":"fr-FR"}]}},"_links":{"self":[{"href":"https:\/\/terres-d-ailes.fr\/index.php\/wp-json\/wp\/v2\/pages\/295","targetHints":{"allow":["GET"]}}],"collection":[{"href":"https:\/\/terres-d-ailes.fr\/index.php\/wp-json\/wp\/v2\/pages"}],"about":[{"href":"https:\/\/terres-d-ailes.fr\/index.php\/wp-json\/wp\/v2\/types\/page"}],"author":[{"embeddable":true,"href":"https:\/\/terres-d-ailes.fr\/index.php\/wp-json\/wp\/v2\/users\/1"}],"replies":[{"embeddable":true,"href":"https:\/\/terres-d-ailes.fr\/index.php\/wp-json\/wp\/v2\/comments?post=295"}],"version-history":[{"count":21,"href":"https:\/\/terres-d-ailes.fr\/index.php\/wp-json\/wp\/v2\/pages\/295\/revisions"}],"predecessor-version":[{"id":485,"href":"https:\/\/terres-d-ailes.fr\/index.php\/wp-json\/wp\/v2\/pages\/295\/revisions\/485"}],"wp:featuredmedia":[{"embeddable":true,"href":"https:\/\/terres-d-ailes.fr\/index.php\/wp-json\/wp\/v2\/media\/109"}],"wp:attachment":[{"href":"https:\/\/terres-d-ailes.fr\/index.php\/wp-json\/wp\/v2\/media?parent=295"}],"curies":[{"name":"wp","href":"https:\/\/api.w.org\/{rel}","templated":true}]}}