{"id":13,"date":"2024-02-23T11:03:58","date_gmt":"2024-02-23T10:03:58","guid":{"rendered":"https:\/\/terres-d-ailes.fr\/?page_id=13"},"modified":"2024-08-12T12:23:13","modified_gmt":"2024-08-12T10:23:13","slug":"un-univers-de-terre-et-de-mots","status":"publish","type":"page","link":"https:\/\/terres-d-ailes.fr\/","title":{"rendered":"Terres d&rsquo;Ailes.fr &#8211; un univers de terre et de mots"},"content":{"rendered":"\n<blockquote class=\"wp-block-quote is-layout-flow wp-block-quote-is-layout-flow\">\n<p><\/p>\n\n\n\n<p class=\"has-text-align-center\" style=\"font-size:clamp(30.693px, 1.918rem + ((1vw - 3.2px) * 2.428), 54px);\"><em>\u00ab\u00a0Conjuguer les mots \u00e0 la terre et sentir nos ailes se d\u00e9ployer&#8230;\u00a0\u00bb <code>H\u00e9l\u00e9soleil<\/code><\/em><\/p>\n<\/blockquote>\n\n\n\n<div class=\"wp-block-group is-nowrap is-layout-flex wp-container-core-group-is-layout-6c531013 wp-block-group-is-layout-flex\">\n<div class=\"wp-block-group alignfull has-black-background-color has-background is-layout-flow wp-block-group-is-layout-flow\">\n<div class=\"wp-block-columns alignfull is-layout-flex wp-container-core-columns-is-layout-28f84493 wp-block-columns-is-layout-flex\">\n<div class=\"wp-block-column is-layout-flow wp-block-column-is-layout-flow\">\n<div style=\"height:48px\" aria-hidden=\"true\" class=\"wp-block-spacer\"><\/div>\n\n\n\n<div class=\"wp-block-columns is-layout-flex wp-container-core-columns-is-layout-28f84493 wp-block-columns-is-layout-flex\">\n<div class=\"wp-block-column is-layout-flow wp-block-column-is-layout-flow\" style=\"flex-basis:100%\">\n<figure class=\"wp-block-image size-large is-resized\"><img loading=\"lazy\" decoding=\"async\" width=\"1024\" height=\"684\" src=\"http:\/\/terres-d-ailes.fr\/wp-content\/uploads\/2024\/02\/P7-1024x684.jpg\" alt=\"La cr\u00e9atrice\" class=\"wp-image-255\" style=\"aspect-ratio:1;object-fit:contain;width:572px;height:auto\" srcset=\"https:\/\/terres-d-ailes.fr\/wp-content\/uploads\/2024\/02\/P7-1024x684.jpg 1024w, https:\/\/terres-d-ailes.fr\/wp-content\/uploads\/2024\/02\/P7-300x200.jpg 300w, https:\/\/terres-d-ailes.fr\/wp-content\/uploads\/2024\/02\/P7-2000x1336.jpg 2000w\" sizes=\"auto, (max-width: 1024px) 100vw, 1024px\" \/><\/figure>\n<\/div>\n<\/div>\n<\/div>\n\n\n\n<div class=\"wp-block-column is-vertically-aligned-center is-layout-flow wp-block-column-is-layout-flow\">\n<p><\/p>\n\n\n\n<ul class=\"wp-block-list has-white-color has-black-background-color has-text-color has-background\">\n<li>Une histoire <strong>\u00e0 lire,<\/strong><\/li>\n\n\n\n<li>Des c\u00e9ramiques inspir\u00e9es du pays d&rsquo;H\u00e9l\u00e9 <strong>\u00e0 la vente<\/strong>.<\/li>\n\n\n\n<li>Des cr\u00e9ations r\u00e9alis\u00e9es <strong>\u00e0 la demande<\/strong>.<\/li>\n\n\n\n<li>Deux <strong>propositions de conception-r\u00e9alisation<\/strong>:<\/li>\n<\/ul>\n\n\n\n<p class=\"has-white-color has-black-background-color has-text-color has-background\">1. <strong>\u00ab\u00a0Objet SECONDE VIE\u00a0\u00bb <\/strong>&#8211; Fa\u00e7onnage de la terre \u00e0 partir d&rsquo;un objet cass\u00e9 auquel vous tenez afin de lui offrir une seconde vie. <\/p>\n\n\n\n<p class=\"has-white-color has-black-background-color has-text-color has-background\">2.<strong> \u00ab\u00a0Cr\u00e9ation RITUEL\u00a0\u00bb<\/strong> &#8211; A partir d&rsquo;un travail d&rsquo;\u00e9coute, r\u00e9alisation pour vous d&rsquo;une \u0153uvre en c\u00e9ramique symbolisant une grande \u00e9tape de votre vie.<\/p>\n\n\n\n<p class=\"has-black-color has-text-color\"><\/p>\n\n\n\n<p><\/p>\n\n\n\n<p><\/p>\n<\/div>\n<\/div>\n<\/div>\n<\/div>\n\n\n\n<figure class=\"wp-block-gallery has-nested-images columns-default is-cropped wp-block-gallery-1 is-layout-flex wp-block-gallery-is-layout-flex\">\n<figure class=\"wp-block-image size-large\"><img loading=\"lazy\" decoding=\"async\" width=\"768\" height=\"1024\" data-id=\"242\" src=\"https:\/\/terres-d-ailes.fr\/wp-content\/uploads\/2024\/02\/20230820_155057-768x1024.jpg\" alt=\"Maternoire\" class=\"wp-image-242\" srcset=\"https:\/\/terres-d-ailes.fr\/wp-content\/uploads\/2024\/02\/20230820_155057-768x1024.jpg 768w, https:\/\/terres-d-ailes.fr\/wp-content\/uploads\/2024\/02\/20230820_155057-225x300.jpg 225w, https:\/\/terres-d-ailes.fr\/wp-content\/uploads\/2024\/02\/20230820_155057-2000x2667.jpg 2000w, https:\/\/terres-d-ailes.fr\/wp-content\/uploads\/2024\/02\/20230820_155057-scaled.jpg 1920w\" sizes=\"auto, (max-width: 768px) 100vw, 768px\" \/><figcaption class=\"wp-element-caption\"><a href=\"https:\/\/terres-d-ailes.fr\/index.php\/sculptures-ceramiques-terres-noires\/\">Maternoire<\/a><\/figcaption><\/figure>\n\n\n\n<figure class=\"wp-block-image size-large\"><img loading=\"lazy\" decoding=\"async\" width=\"669\" height=\"1024\" data-id=\"221\" src=\"https:\/\/terres-d-ailes.fr\/wp-content\/uploads\/2024\/02\/20230712_110928-669x1024.jpg\" alt=\"Materaku\" class=\"wp-image-221\" srcset=\"https:\/\/terres-d-ailes.fr\/wp-content\/uploads\/2024\/02\/20230712_110928-669x1024.jpg 669w, https:\/\/terres-d-ailes.fr\/wp-content\/uploads\/2024\/02\/20230712_110928-196x300.jpg 196w, https:\/\/terres-d-ailes.fr\/wp-content\/uploads\/2024\/02\/20230712_110928-2000x3063.jpg 2000w, https:\/\/terres-d-ailes.fr\/wp-content\/uploads\/2024\/02\/20230712_110928-scaled.jpg 1672w\" sizes=\"auto, (max-width: 669px) 100vw, 669px\" \/><figcaption class=\"wp-element-caption\"><a href=\"https:\/\/terres-d-ailes.fr\/index.php\/h-terres-dailes-materaku\/\">Materaku<\/a><\/figcaption><\/figure>\n\n\n\n<figure class=\"wp-block-image size-large\"><img loading=\"lazy\" decoding=\"async\" width=\"768\" height=\"1024\" data-id=\"243\" src=\"https:\/\/terres-d-ailes.fr\/wp-content\/uploads\/2024\/02\/20230820_155317-768x1024.jpg\" alt=\"Terres d'Ailes.fr - un univers de terre et de mots- Ma recyclerie\" class=\"wp-image-243\" srcset=\"https:\/\/terres-d-ailes.fr\/wp-content\/uploads\/2024\/02\/20230820_155317-768x1024.jpg 768w, https:\/\/terres-d-ailes.fr\/wp-content\/uploads\/2024\/02\/20230820_155317-225x300.jpg 225w, https:\/\/terres-d-ailes.fr\/wp-content\/uploads\/2024\/02\/20230820_155317-2000x2667.jpg 2000w, https:\/\/terres-d-ailes.fr\/wp-content\/uploads\/2024\/02\/20230820_155317-scaled.jpg 1920w\" sizes=\"auto, (max-width: 768px) 100vw, 768px\" \/><figcaption class=\"wp-element-caption\"><a href=\"https:\/\/terres-d-ailes.fr\/index.php\/mariage-de-cristal-et-de-raku-objets-en-vente\/\">Ma recyclerie<\/a><\/figcaption><\/figure>\n\n\n\n<figure class=\"wp-block-image size-large\"><img loading=\"lazy\" decoding=\"async\" width=\"1024\" height=\"1024\" data-id=\"219\" src=\"http:\/\/terres-d-ailes.fr\/wp-content\/uploads\/2024\/02\/20230712_110805-1-1024x1024.jpg\" alt=\"Terres d'Ailes.fr - un univers de terre et de mots- Mes unisph\u00e8res\" class=\"wp-image-219\" srcset=\"https:\/\/terres-d-ailes.fr\/wp-content\/uploads\/2024\/02\/20230712_110805-1-1024x1024.jpg 1024w, https:\/\/terres-d-ailes.fr\/wp-content\/uploads\/2024\/02\/20230712_110805-1-300x300.jpg 300w, https:\/\/terres-d-ailes.fr\/wp-content\/uploads\/2024\/02\/20230712_110805-1-150x150.jpg 150w, https:\/\/terres-d-ailes.fr\/wp-content\/uploads\/2024\/02\/20230712_110805-1-2000x2000.jpg 2000w\" sizes=\"auto, (max-width: 1024px) 100vw, 1024px\" \/><figcaption class=\"wp-element-caption\"><a href=\"https:\/\/terres-d-ailes.fr\/index.php\/creations-mes-unispheres\/\">Mes unisph\u00e8res<\/a><\/figcaption><\/figure>\n\n\n\n<figure class=\"wp-block-image size-large\"><img loading=\"lazy\" decoding=\"async\" width=\"563\" height=\"1024\" data-id=\"365\" src=\"https:\/\/terres-d-ailes.fr\/wp-content\/uploads\/2024\/02\/20240227_172849-563x1024.jpg\" alt=\"Materouge\" class=\"wp-image-365\" srcset=\"https:\/\/terres-d-ailes.fr\/wp-content\/uploads\/2024\/02\/20240227_172849-563x1024.jpg 563w, https:\/\/terres-d-ailes.fr\/wp-content\/uploads\/2024\/02\/20240227_172849-165x300.jpg 165w, https:\/\/terres-d-ailes.fr\/wp-content\/uploads\/2024\/02\/20240227_172849-2000x3640.jpg 2000w, https:\/\/terres-d-ailes.fr\/wp-content\/uploads\/2024\/02\/20240227_172849-scaled.jpg 1407w\" sizes=\"auto, (max-width: 563px) 100vw, 563px\" \/><figcaption class=\"wp-element-caption\"><a href=\"https:\/\/terres-d-ailes.fr\/index.php\/materouge\/\">Materouge<\/a><\/figcaption><\/figure>\n<\/figure>\n","protected":false},"excerpt":{"rendered":"<p>\u00ab\u00a0Conjuguer les mots \u00e0 la terre et sentir nos ailes se d\u00e9ployer&#8230;\u00a0\u00bb H\u00e9l\u00e9soleil 1. \u00ab\u00a0Objet SECONDE VIE\u00a0\u00bb &#8211; Fa\u00e7onnage de la terre \u00e0 partir d&rsquo;un objet cass\u00e9 auquel vous tenez afin de lui offrir une seconde vie. 2. \u00ab\u00a0Cr\u00e9ation RITUEL\u00a0\u00bb &#8211; A partir d&rsquo;un travail d&rsquo;\u00e9coute, r\u00e9alisation pour vous d&rsquo;une \u0153uvre en c\u00e9ramique symbolisant une &hellip; <\/p>\n<p class=\"link-more\"><a href=\"https:\/\/terres-d-ailes.fr\/\" class=\"more-link\">Lire la suite de<span class=\"screen-reader-text\">\u00ab\u00a0Terres d&rsquo;Ailes.fr &#8211; un univers de terre et de mots\u00a0\u00bb<\/span><\/a><\/p>\n","protected":false},"author":1,"featured_media":0,"parent":0,"menu_order":0,"comment_status":"closed","ping_status":"closed","template":"","meta":{"footnotes":""},"class_list":["post-13","page","type-page","status-publish","hentry"],"yoast_head":"<!-- This site is optimized with the Yoast SEO plugin v22.7 - https:\/\/yoast.com\/wordpress\/plugins\/seo\/ -->\n<title>Terres d&#039;Ailes.fr - un univers de terre et de mots - Terres d&#039;Ailes %<\/title>\n<meta name=\"description\" content=\"Terres d&#039;Ailes.fr - un univers de terre et de mots : Une histoire \u00e0 lire, Des c\u00e9ramiques inspir\u00e9es du pays d&#039;H\u00e9l\u00e9 \u00e0 la vente. Cr\u00e9ations \u00e0 la demande , deux propositions de conception-r\u00e9alisation. Poteries en Ard\u00e8che.\" \/>\n<meta name=\"robots\" content=\"index, follow, max-snippet:-1, max-image-preview:large, max-video-preview:-1\" \/>\n<link rel=\"canonical\" href=\"https:\/\/terres-d-ailes.fr\/\" \/>\n<meta property=\"og:locale\" content=\"fr_FR\" \/>\n<meta property=\"og:type\" content=\"article\" \/>\n<meta property=\"og:title\" content=\"Terres d&#039;Ailes.fr - un univers de terre et de mots - Terres d&#039;Ailes %\" \/>\n<meta property=\"og:description\" content=\"Terres d&#039;Ailes.fr - un univers de terre et de mots : Une histoire \u00e0 lire, Des c\u00e9ramiques inspir\u00e9es du pays d&#039;H\u00e9l\u00e9 \u00e0 la vente. Cr\u00e9ations \u00e0 la demande , deux propositions de conception-r\u00e9alisation. Poteries en Ard\u00e8che.\" \/>\n<meta property=\"og:url\" content=\"https:\/\/terres-d-ailes.fr\/\" \/>\n<meta property=\"og:site_name\" content=\"Terres d&#039;Ailes\" \/>\n<meta property=\"article:modified_time\" content=\"2024-08-12T10:23:13+00:00\" \/>\n<meta property=\"og:image\" content=\"http:\/\/terres-d-ailes.fr\/wp-content\/uploads\/2024\/02\/P7-1024x684.jpg\" \/>\n<meta name=\"twitter:card\" content=\"summary_large_image\" \/>\n<meta name=\"twitter:label1\" content=\"Dur\u00e9e de lecture estim\u00e9e\" \/>\n\t<meta name=\"twitter:data1\" content=\"2 minutes\" \/>\n<script type=\"application\/ld+json\" class=\"yoast-schema-graph\">{\"@context\":\"https:\/\/schema.org\",\"@graph\":[{\"@type\":\"WebPage\",\"@id\":\"https:\/\/terres-d-ailes.fr\/\",\"url\":\"https:\/\/terres-d-ailes.fr\/\",\"name\":\"Terres d'Ailes.fr - un univers de terre et de mots - Terres d&#039;Ailes %\",\"isPartOf\":{\"@id\":\"https:\/\/terres-d-ailes.fr\/#website\"},\"primaryImageOfPage\":{\"@id\":\"https:\/\/terres-d-ailes.fr\/#primaryimage\"},\"image\":{\"@id\":\"https:\/\/terres-d-ailes.fr\/#primaryimage\"},\"thumbnailUrl\":\"http:\/\/terres-d-ailes.fr\/wp-content\/uploads\/2024\/02\/P7-1024x684.jpg\",\"datePublished\":\"2024-02-23T10:03:58+00:00\",\"dateModified\":\"2024-08-12T10:23:13+00:00\",\"description\":\"Terres d'Ailes.fr - un univers de terre et de mots : Une histoire \u00e0 lire, Des c\u00e9ramiques inspir\u00e9es du pays d'H\u00e9l\u00e9 \u00e0 la vente. Cr\u00e9ations \u00e0 la demande , deux propositions de conception-r\u00e9alisation. Poteries en Ard\u00e8che.\",\"breadcrumb\":{\"@id\":\"https:\/\/terres-d-ailes.fr\/#breadcrumb\"},\"inLanguage\":\"fr-FR\",\"potentialAction\":[{\"@type\":\"ReadAction\",\"target\":[\"https:\/\/terres-d-ailes.fr\/\"]}]},{\"@type\":\"ImageObject\",\"inLanguage\":\"fr-FR\",\"@id\":\"https:\/\/terres-d-ailes.fr\/#primaryimage\",\"url\":\"https:\/\/terres-d-ailes.fr\/wp-content\/uploads\/2024\/02\/P7-scaled.jpg\",\"contentUrl\":\"https:\/\/terres-d-ailes.fr\/wp-content\/uploads\/2024\/02\/P7-scaled.jpg\",\"width\":2560,\"height\":1710},{\"@type\":\"BreadcrumbList\",\"@id\":\"https:\/\/terres-d-ailes.fr\/#breadcrumb\",\"itemListElement\":[{\"@type\":\"ListItem\",\"position\":1,\"name\":\"Accueil\",\"item\":\"https:\/\/terres-d-ailes.fr\/\"},{\"@type\":\"ListItem\",\"position\":2,\"name\":\"Terres d&rsquo;Ailes.fr &#8211; un univers de terre et de mots\"}]},{\"@type\":\"WebSite\",\"@id\":\"https:\/\/terres-d-ailes.fr\/#website\",\"url\":\"https:\/\/terres-d-ailes.fr\/\",\"name\":\"Terres d'Ailes\",\"description\":\"Conjuguer les mots \u00e0 la terre et sentir nos ailes se d\u00e9ployer\",\"potentialAction\":[{\"@type\":\"SearchAction\",\"target\":{\"@type\":\"EntryPoint\",\"urlTemplate\":\"https:\/\/terres-d-ailes.fr\/?s={search_term_string}\"},\"query-input\":\"required name=search_term_string\"}],\"inLanguage\":\"fr-FR\"}]}<\/script>\n<!-- \/ Yoast SEO plugin. -->","yoast_head_json":{"title":"Terres d'Ailes.fr - un univers de terre et de mots - Terres d&#039;Ailes %","description":"Terres d'Ailes.fr - un univers de terre et de mots : Une histoire \u00e0 lire, Des c\u00e9ramiques inspir\u00e9es du pays d'H\u00e9l\u00e9 \u00e0 la vente. Cr\u00e9ations \u00e0 la demande , deux propositions de conception-r\u00e9alisation. Poteries en Ard\u00e8che.","robots":{"index":"index","follow":"follow","max-snippet":"max-snippet:-1","max-image-preview":"max-image-preview:large","max-video-preview":"max-video-preview:-1"},"canonical":"https:\/\/terres-d-ailes.fr\/","og_locale":"fr_FR","og_type":"article","og_title":"Terres d'Ailes.fr - un univers de terre et de mots - Terres d&#039;Ailes %","og_description":"Terres d'Ailes.fr - un univers de terre et de mots : Une histoire \u00e0 lire, Des c\u00e9ramiques inspir\u00e9es du pays d'H\u00e9l\u00e9 \u00e0 la vente. Cr\u00e9ations \u00e0 la demande , deux propositions de conception-r\u00e9alisation. Poteries en Ard\u00e8che.","og_url":"https:\/\/terres-d-ailes.fr\/","og_site_name":"Terres d&#039;Ailes","article_modified_time":"2024-08-12T10:23:13+00:00","og_image":[{"url":"http:\/\/terres-d-ailes.fr\/wp-content\/uploads\/2024\/02\/P7-1024x684.jpg"}],"twitter_card":"summary_large_image","twitter_misc":{"Dur\u00e9e de lecture estim\u00e9e":"2 minutes"},"schema":{"@context":"https:\/\/schema.org","@graph":[{"@type":"WebPage","@id":"https:\/\/terres-d-ailes.fr\/","url":"https:\/\/terres-d-ailes.fr\/","name":"Terres d'Ailes.fr - un univers de terre et de mots - Terres d&#039;Ailes %","isPartOf":{"@id":"https:\/\/terres-d-ailes.fr\/#website"},"primaryImageOfPage":{"@id":"https:\/\/terres-d-ailes.fr\/#primaryimage"},"image":{"@id":"https:\/\/terres-d-ailes.fr\/#primaryimage"},"thumbnailUrl":"http:\/\/terres-d-ailes.fr\/wp-content\/uploads\/2024\/02\/P7-1024x684.jpg","datePublished":"2024-02-23T10:03:58+00:00","dateModified":"2024-08-12T10:23:13+00:00","description":"Terres d'Ailes.fr - un univers de terre et de mots : Une histoire \u00e0 lire, Des c\u00e9ramiques inspir\u00e9es du pays d'H\u00e9l\u00e9 \u00e0 la vente. Cr\u00e9ations \u00e0 la demande , deux propositions de conception-r\u00e9alisation. Poteries en Ard\u00e8che.","breadcrumb":{"@id":"https:\/\/terres-d-ailes.fr\/#breadcrumb"},"inLanguage":"fr-FR","potentialAction":[{"@type":"ReadAction","target":["https:\/\/terres-d-ailes.fr\/"]}]},{"@type":"ImageObject","inLanguage":"fr-FR","@id":"https:\/\/terres-d-ailes.fr\/#primaryimage","url":"https:\/\/terres-d-ailes.fr\/wp-content\/uploads\/2024\/02\/P7-scaled.jpg","contentUrl":"https:\/\/terres-d-ailes.fr\/wp-content\/uploads\/2024\/02\/P7-scaled.jpg","width":2560,"height":1710},{"@type":"BreadcrumbList","@id":"https:\/\/terres-d-ailes.fr\/#breadcrumb","itemListElement":[{"@type":"ListItem","position":1,"name":"Accueil","item":"https:\/\/terres-d-ailes.fr\/"},{"@type":"ListItem","position":2,"name":"Terres d&rsquo;Ailes.fr &#8211; un univers de terre et de mots"}]},{"@type":"WebSite","@id":"https:\/\/terres-d-ailes.fr\/#website","url":"https:\/\/terres-d-ailes.fr\/","name":"Terres d'Ailes","description":"Conjuguer les mots \u00e0 la terre et sentir nos ailes se d\u00e9ployer","potentialAction":[{"@type":"SearchAction","target":{"@type":"EntryPoint","urlTemplate":"https:\/\/terres-d-ailes.fr\/?s={search_term_string}"},"query-input":"required name=search_term_string"}],"inLanguage":"fr-FR"}]}},"_links":{"self":[{"href":"https:\/\/terres-d-ailes.fr\/index.php\/wp-json\/wp\/v2\/pages\/13","targetHints":{"allow":["GET"]}}],"collection":[{"href":"https:\/\/terres-d-ailes.fr\/index.php\/wp-json\/wp\/v2\/pages"}],"about":[{"href":"https:\/\/terres-d-ailes.fr\/index.php\/wp-json\/wp\/v2\/types\/page"}],"author":[{"embeddable":true,"href":"https:\/\/terres-d-ailes.fr\/index.php\/wp-json\/wp\/v2\/users\/1"}],"replies":[{"embeddable":true,"href":"https:\/\/terres-d-ailes.fr\/index.php\/wp-json\/wp\/v2\/comments?post=13"}],"version-history":[{"count":28,"href":"https:\/\/terres-d-ailes.fr\/index.php\/wp-json\/wp\/v2\/pages\/13\/revisions"}],"predecessor-version":[{"id":460,"href":"https:\/\/terres-d-ailes.fr\/index.php\/wp-json\/wp\/v2\/pages\/13\/revisions\/460"}],"wp:attachment":[{"href":"https:\/\/terres-d-ailes.fr\/index.php\/wp-json\/wp\/v2\/media?parent=13"}],"curies":[{"name":"wp","href":"https:\/\/api.w.org\/{rel}","templated":true}]}}